{"id":12069,"date":"2023-01-16T13:50:41","date_gmt":"2023-01-16T13:50:41","guid":{"rendered":"http:\/\/aac-europe.org\/recommendations\/position-papers\/"},"modified":"2023-05-08T11:55:59","modified_gmt":"2023-05-08T11:55:59","slug":"opiniones_sub","status":"publish","type":"page","link":"https:\/\/aac-europe.org\/es\/opiniones\/opiniones_sub\/","title":{"rendered":"Opiniones"},"content":{"rendered":"<p>[vc_row][vc_column][vc_column_text]<p>[\/vc_column_text][\/vc_column][\/vc_row][vc_row css=\u00bb.vc_custom_1678195211571{margin-right: 0px !important;margin-left: 0px !important;}\u00bb][vc_column css=\u00bb.vc_custom_1678195190183{background-color: rgba(163,163,163,0.37) !important;*background-color: rgb(163,163,163) !important;border-radius: 10px !important;}\u00bb][vc_column_text css=\u00bb.vc_custom_1683546956763{margin-right: 15px !important;margin-left: 15px !important;}\u00bb]<\/p>\n<p style=\"text-align: justify;\">El Consejo Consultivo de Acuicultura est\u00e1 facultado por <a href=\"https:\/\/eur-lex.europa.eu\/legal-content\/ES\/TXT\/?uri=CELEX:32013R1380\">el Reglamento de la pol\u00edtica pesquera com\u00fan<\/a> para presentar recomendaciones y sugerencias a la Comisi\u00f3n y a los Estados miembros interesados sobre cuestiones relacionadas con la gesti\u00f3n y los aspectos socioecon\u00f3micos y de conservaci\u00f3n de la acuicultura.<\/p>\n<p>[\/vc_column_text][\/vc_column][\/vc_row][vc_row][vc_column][vc_column_text]<\/p>\n<\/p>\r\n<p>[\/vc_column_text][\/vc_column][\/vc_row][vc_row][vc_column][vc_column_text]<\/p>\r\n\r\n<div class=\"pt-cv-wrapper\"><div class=\"cvp-live-filter cvp-search-box \" id=\"\" data-name=\"_search\" data-sid=\"2081533ypg\"><label for='sf_1494' class=\"cvp-label\">Palabras clave<\/label><input type=\"text\" id=\"sf_1494\" name=\"_search\" value=\"\" data-nosubmit=\"true\" placeholder=\"\"\/><\/div><div class=\"cvp-live-filter cvp-dropdown \" id=\"\" data-name=\"tx_category\" data-sid=\"2081533ypg\"><label class=\"cvp-label\">Category<\/label><select name=\"tx_category\"><option value=\"\">All<\/option><option value=\"recomendaciones\" >Recomendaciones<span class=\"cvp-count\"> (24)<\/span><\/option><option value=\"opiniones-recomendaciones\" >Recomendaciones<span class=\"cvp-count\"> (93)<\/span><\/option><\/select><\/div><div class=\"pt-cv-view pt-cv-grid pt-cv-colsys pt-cv-same-height pt-cv-pgregular cvp-lfres\" id=\"pt-cv-view-2081533ypg\"><div data-id=\"pt-cv-page-1\" class=\"pt-cv-page\" data-cvc=\"2\" data-cvct=\"2\" data-cvcm=\"1\"><div class=\"col-md-6 col-sm-6 col-xs-12 pt-cv-content-item pt-cv-1-col\"  data-pid=\"15945\"><div class='pt-cv-ifield'><a href=\"https:\/\/aac-europe.org\/es\/publication\/recomendacion-del-cca-sobre-la-proteccion-de-la-acuicultura-en-la-revision-prevista-de-la-directiva-marco-del-agua\/\" class=\"_self pt-cv-href-thumbnail pt-cv-thumb-default cvplbd\" target=\"_self\" ><img width=\"2560\" height=\"1707\" src=\"https:\/\/aac-europe.org\/wp-content\/uploads\/2026\/04\/Leo-Kirchmaier-10-scaled.jpg\" class=\"pt-cv-thumbnail img-none skip-lazy \" alt=\"Recomendaci\u00f3n del CCA sobre la protecci\u00f3n de la acuicultura en la revisi\u00f3n prevista de la Directiva Marco del Agua\" decoding=\"async\" \/><\/a>\n<h4 class=\"pt-cv-title post-category-recomendaciones\"><a href=\"https:\/\/aac-europe.org\/es\/publication\/recomendacion-del-cca-sobre-la-proteccion-de-la-acuicultura-en-la-revision-prevista-de-la-directiva-marco-del-agua\/\" class=\"_self cvplbd\" target=\"_self\" >Recomendaci\u00f3n del CCA sobre la protecci\u00f3n de la acuicultura en la revisi\u00f3n prevista de la Directiva Marco del Agua<\/a><\/h4>\n<div class=\"pt-cv-meta-fields\"><span class=\"entry-date\"> <time datetime=\"2026-04-14T11:20:09+00:00\">abril, 2026<\/time><\/span><span> \/ <\/span><span class=\"terms\"> aquaculture, Directiva Marco del Agua, Recomendaciones<\/span><\/div><\/div><\/div>\n<div class=\"col-md-6 col-sm-6 col-xs-12 pt-cv-content-item pt-cv-1-col\"  data-pid=\"15794\"><div class='pt-cv-ifield'><a href=\"https:\/\/aac-europe.org\/es\/publication\/recomendacion-del-cca-sobre-el-informe-relativo-a-la-evaluacion-intermedia-de-las-directrices-estrategicas-y-los-planes-estrategicos-plurianuales\/\" class=\"_self pt-cv-href-thumbnail pt-cv-thumb-default cvplbd\" target=\"_self\" ><img width=\"1520\" height=\"820\" src=\"https:\/\/aac-europe.org\/wp-content\/uploads\/2026\/01\/Aquaculture-Corfou-1520x820-1.png\" class=\"pt-cv-thumbnail img-none skip-lazy \" alt=\"Recomendaci\u00f3n del CCA sobre el informe relativo a la evaluaci\u00f3n intermedia de las Directrices Estrat\u00e9gicas y los Planes Estrat\u00e9gicos Plurianuales\" decoding=\"async\" \/><\/a>\n<h4 class=\"pt-cv-title post-category-recomendaciones\"><a href=\"https:\/\/aac-europe.org\/es\/publication\/recomendacion-del-cca-sobre-el-informe-relativo-a-la-evaluacion-intermedia-de-las-directrices-estrategicas-y-los-planes-estrategicos-plurianuales\/\" class=\"_self cvplbd\" target=\"_self\" >Recomendaci\u00f3n del CCA sobre el informe relativo a la evaluaci\u00f3n intermedia de las Directrices Estrat\u00e9gicas y los Planes Estrat\u00e9gicos Plurianuales<\/a><\/h4>\n<div class=\"pt-cv-meta-fields\"><span class=\"entry-date\"> <time datetime=\"2026-01-30T15:35:30+00:00\">enero, 2026<\/time><\/span><span> \/ <\/span><span class=\"terms\"> aquaculture, evaluaci\u00f3n intermedia, orientaciones estrat\u00e9gicas, planes estrat\u00e9gicos, Recomendaciones, Recomendaciones<\/span><\/div><\/div><\/div>\n<div class=\"col-md-6 col-sm-6 col-xs-12 pt-cv-content-item pt-cv-1-col\"  data-pid=\"15768\"><div class='pt-cv-ifield'><a href=\"https:\/\/aac-europe.org\/es\/publication\/recomendacion-del-cca-sobre-los-indicadores-para-la-encuesta-anual-de-los-estados-miembros\/\" class=\"_self pt-cv-href-thumbnail pt-cv-thumb-default cvplbd\" target=\"_self\" ><img width=\"1280\" height=\"864\" src=\"https:\/\/aac-europe.org\/wp-content\/uploads\/2026\/01\/sunset-in-a-fish-farm.jpg\" class=\"pt-cv-thumbnail img-none skip-lazy \" alt=\"Recomendaci\u00f3n del CCA sobre los indicadores para la encuesta anual de los Estados Miembros\" decoding=\"async\" \/><\/a>\n<h4 class=\"pt-cv-title post-category-recomendaciones\"><a href=\"https:\/\/aac-europe.org\/es\/publication\/recomendacion-del-cca-sobre-los-indicadores-para-la-encuesta-anual-de-los-estados-miembros\/\" class=\"_self cvplbd\" target=\"_self\" >Recomendaci\u00f3n del CCA sobre los indicadores para la encuesta anual de los Estados Miembros<\/a><\/h4>\n<div class=\"pt-cv-meta-fields\"><span class=\"entry-date\"> <time datetime=\"2026-01-16T14:20:20+00:00\">enero, 2026<\/time><\/span><span> \/ <\/span><span class=\"terms\"> FEMPA, indicadores de rendimiento, informe relativo a la evaluaci\u00f3n intermedia, orientaciones estrat\u00e9gicas, Recomendaciones, Recomendaciones<\/span><\/div><\/div><\/div>\n<div class=\"col-md-6 col-sm-6 col-xs-12 pt-cv-content-item pt-cv-1-col\"  data-pid=\"15709\"><div class='pt-cv-ifield'><a href=\"https:\/\/aac-europe.org\/es\/publication\/recomendacion-del-cca-sobre-el-virus-de-la-anemia-infecciosa-del-salmon-con-supresion-en-la-hpr\/\" class=\"_self pt-cv-href-thumbnail pt-cv-thumb-default cvplbd\" target=\"_self\" ><img width=\"2560\" height=\"1707\" src=\"https:\/\/aac-europe.org\/wp-content\/uploads\/2026\/01\/DSCF9367-scaled.jpg\" class=\"pt-cv-thumbnail img-none skip-lazy \" alt=\"Recomendaci\u00f3n del CCA sobre el virus de la anemia infecciosa del salm\u00f3n con supresi\u00f3n en la HPR\" decoding=\"async\" \/><\/a>\n<h4 class=\"pt-cv-title post-category-recomendaciones\"><a href=\"https:\/\/aac-europe.org\/es\/publication\/recomendacion-del-cca-sobre-el-virus-de-la-anemia-infecciosa-del-salmon-con-supresion-en-la-hpr\/\" class=\"_self cvplbd\" target=\"_self\" >Recomendaci\u00f3n del CCA sobre el virus de la anemia infecciosa del salm\u00f3n con supresi\u00f3n en la HPR<\/a><\/h4>\n<div class=\"pt-cv-meta-fields\"><span class=\"entry-date\"> <time datetime=\"2026-01-05T13:37:45+00:00\">enero, 2026<\/time><\/span><span> \/ <\/span><span class=\"terms\"> enfermedades, HPR, infeccioso, legislaci\u00f3n sobre sanidad animal, pescado, Recomendaciones, Recomendaciones, trucha arco iris, trucha marina, VAIS, virus<\/span><\/div><\/div><\/div>\n<div class=\"col-md-6 col-sm-6 col-xs-12 pt-cv-content-item pt-cv-1-col\"  data-pid=\"15542\"><div class='pt-cv-ifield'><a href=\"https:\/\/aac-europe.org\/es\/publication\/recomendacion-del-cca-sobre-las-estadisticas-europeas-de-pesca-y-acuicultura\/\" class=\"_self pt-cv-href-thumbnail pt-cv-thumb-default cvplbd\" target=\"_self\" ><img width=\"2560\" height=\"1440\" src=\"https:\/\/aac-europe.org\/wp-content\/uploads\/2025\/11\/image-9-scaled.jpg\" class=\"pt-cv-thumbnail img-none skip-lazy \" alt=\"Recomendaci\u00f3n del CCA sobre las estad\u00edsticas europeas de pesca y acuicultura\" decoding=\"async\" \/><\/a>\n<h4 class=\"pt-cv-title post-category-recomendaciones\"><a href=\"https:\/\/aac-europe.org\/es\/publication\/recomendacion-del-cca-sobre-las-estadisticas-europeas-de-pesca-y-acuicultura\/\" class=\"_self cvplbd\" target=\"_self\" >Recomendaci\u00f3n del CCA sobre las estad\u00edsticas europeas de pesca y acuicultura<\/a><\/h4>\n<div class=\"pt-cv-meta-fields\"><span class=\"entry-date\"> <time datetime=\"2025-11-03T12:53:23+00:00\">noviembre, 2025<\/time><\/span><span> \/ <\/span><span class=\"terms\"> aquaculture, estad\u00edsticas, estad\u00edsticas europeas de pesca y acuicultura, Recomendaciones, Recomendaciones, recopilaci\u00f3n de datos<\/span><\/div><\/div><\/div>\n<div class=\"col-md-6 col-sm-6 col-xs-12 pt-cv-content-item pt-cv-1-col\"  data-pid=\"15537\"><div class='pt-cv-ifield'><a href=\"https:\/\/aac-europe.org\/es\/publication\/recomendacion-del-cca-sobre-la-difusion-comunicacion-y-explotacion-de-la-investigacion-y-la-innovacion-para-la-acuicultura-europea\/\" class=\"_self pt-cv-href-thumbnail pt-cv-thumb-default cvplbd\" target=\"_self\" ><img width=\"2560\" height=\"1920\" src=\"https:\/\/aac-europe.org\/wp-content\/uploads\/2025\/10\/research-and-innovation-scaled.jpg\" class=\"pt-cv-thumbnail img-none skip-lazy \" alt=\"Recomendaci\u00f3n del CCA sobre la difusi\u00f3n, comunicaci\u00f3n y explotaci\u00f3n de la investigaci\u00f3n y la innovaci\u00f3n para la acuicultura europea\" decoding=\"async\" \/><\/a>\n<h4 class=\"pt-cv-title post-category-recomendaciones\"><a href=\"https:\/\/aac-europe.org\/es\/publication\/recomendacion-del-cca-sobre-la-difusion-comunicacion-y-explotacion-de-la-investigacion-y-la-innovacion-para-la-acuicultura-europea\/\" class=\"_self cvplbd\" target=\"_self\" >Recomendaci\u00f3n del CCA sobre la difusi\u00f3n, comunicaci\u00f3n y explotaci\u00f3n de la investigaci\u00f3n y la innovaci\u00f3n para la acuicultura europea<\/a><\/h4>\n<div class=\"pt-cv-meta-fields\"><span class=\"entry-date\"> <time datetime=\"2025-10-31T09:11:02+00:00\">octubre, 2025<\/time><\/span><span> \/ <\/span><span class=\"terms\"> aquaculture, comunicaci\u00f3n, difusi\u00f3n, innovaci\u00f3n, investigaci\u00f3n, Recomendaciones, Recomendaciones<\/span><\/div><\/div><\/div>\n<div class=\"col-md-6 col-sm-6 col-xs-12 pt-cv-content-item pt-cv-1-col\"  data-pid=\"15522\"><div class='pt-cv-ifield'><a href=\"https:\/\/aac-europe.org\/es\/publication\/recomendacion-del-cca-sobre-los-niveles-de-contaminantes-industriales-en-la-acuicultura-y-el-cambio-climatico\/\" class=\"_self pt-cv-href-thumbnail pt-cv-thumb-default cvplbd\" target=\"_self\" ><img width=\"1818\" height=\"1215\" src=\"https:\/\/aac-europe.org\/wp-content\/uploads\/2025\/10\/industrial-contaminants.jpg\" class=\"pt-cv-thumbnail img-none skip-lazy \" alt=\"Recomendaci\u00f3n del CCA sobre los niveles de contaminantes industriales en la acuicultura y el cambio clim\u00e1tico\" decoding=\"async\" \/><\/a>\n<h4 class=\"pt-cv-title post-category-recomendaciones\"><a href=\"https:\/\/aac-europe.org\/es\/publication\/recomendacion-del-cca-sobre-los-niveles-de-contaminantes-industriales-en-la-acuicultura-y-el-cambio-climatico\/\" class=\"_self cvplbd\" target=\"_self\" >Recomendaci\u00f3n del CCA sobre los niveles de contaminantes industriales en la acuicultura y el cambio clim\u00e1tico<\/a><\/h4>\n<div class=\"pt-cv-meta-fields\"><span class=\"entry-date\"> <time datetime=\"2025-10-30T11:42:47+00:00\">octubre, 2025<\/time><\/span><span> \/ <\/span><span class=\"terms\"> aquaculture, cambio clim\u00e1tico, niveles de contaminantes industriales, Recomendaciones, Recomendaciones<\/span><\/div><\/div><\/div>\n<div class=\"col-md-6 col-sm-6 col-xs-12 pt-cv-content-item pt-cv-1-col\"  data-pid=\"15518\"><div class='pt-cv-ifield'><a href=\"https:\/\/aac-europe.org\/es\/publication\/recomendacion-del-cca-sobre-la-emergencia-del-cangrejo-azul-en-italia\/\" class=\"_self pt-cv-href-thumbnail pt-cv-thumb-default cvplbd\" target=\"_self\" ><img width=\"2560\" height=\"1694\" src=\"https:\/\/aac-europe.org\/wp-content\/uploads\/2025\/10\/blue-crab-scaled.jpg\" class=\"pt-cv-thumbnail img-none skip-lazy \" alt=\"Recomendaci\u00f3n del CCA sobre la emergencia del cangrejo azul en Italia\" decoding=\"async\" \/><\/a>\n<h4 class=\"pt-cv-title post-category-recomendaciones\"><a href=\"https:\/\/aac-europe.org\/es\/publication\/recomendacion-del-cca-sobre-la-emergencia-del-cangrejo-azul-en-italia\/\" class=\"_self cvplbd\" target=\"_self\" >Recomendaci\u00f3n del CCA sobre la emergencia del cangrejo azul en Italia<\/a><\/h4>\n<div class=\"pt-cv-meta-fields\"><span class=\"entry-date\"> <time datetime=\"2025-10-30T11:38:16+00:00\">octubre, 2025<\/time><\/span><span> \/ <\/span><span class=\"terms\"> aquaculture, blue crab, conquilicultura, Recomendaciones, Recomendaciones<\/span><\/div><\/div><\/div>\n<div class=\"col-md-6 col-sm-6 col-xs-12 pt-cv-content-item pt-cv-1-col\"  data-pid=\"15515\"><div class='pt-cv-ifield'><a href=\"https:\/\/aac-europe.org\/es\/publication\/recomendacion-del-cca-sobre-el-uso-de-datos-satelitales-para-la-acuicultura\/\" class=\"_self pt-cv-href-thumbnail pt-cv-thumb-default cvplbd\" target=\"_self\" ><img width=\"2560\" height=\"1706\" src=\"https:\/\/aac-europe.org\/wp-content\/uploads\/2025\/10\/satellite-data-scaled.jpg\" class=\"pt-cv-thumbnail img-none skip-lazy \" alt=\"Recomendaci\u00f3n del CCA sobre el uso de datos satelitales para la acuicultura\" decoding=\"async\" \/><\/a>\n<h4 class=\"pt-cv-title post-category-recomendaciones\"><a href=\"https:\/\/aac-europe.org\/es\/publication\/recomendacion-del-cca-sobre-el-uso-de-datos-satelitales-para-la-acuicultura\/\" class=\"_self cvplbd\" target=\"_self\" >Recomendaci\u00f3n del CCA sobre el uso de datos satelitales para la acuicultura<\/a><\/h4>\n<div class=\"pt-cv-meta-fields\"><span class=\"entry-date\"> <time datetime=\"2025-10-30T11:33:35+00:00\">octubre, 2025<\/time><\/span><span> \/ <\/span><span class=\"terms\"> aquaculture, datos satelitales, Recomendaciones, Recomendaciones<\/span><\/div><\/div><\/div>\n<div class=\"col-md-6 col-sm-6 col-xs-12 pt-cv-content-item pt-cv-1-col\"  data-pid=\"15512\"><div class='pt-cv-ifield'><a href=\"https:\/\/aac-europe.org\/es\/publication\/recomendacion-del-cca-sobre-el-impacto-preocupante-del-cambio-climatico-en-la-produccion-de-mejillones-de-la-ue\/\" class=\"_self pt-cv-href-thumbnail pt-cv-thumb-default cvplbd\" target=\"_self\" ><img width=\"1600\" height=\"720\" src=\"https:\/\/aac-europe.org\/wp-content\/uploads\/2025\/10\/climate-change.jpeg\" class=\"pt-cv-thumbnail img-none skip-lazy \" alt=\"Recomendaci\u00f3n del CCA sobre el impacto preocupante del cambio clim\u00e1tico en la producci\u00f3n de mejillones de la UE\" decoding=\"async\" \/><\/a>\n<h4 class=\"pt-cv-title post-category-recomendaciones\"><a href=\"https:\/\/aac-europe.org\/es\/publication\/recomendacion-del-cca-sobre-el-impacto-preocupante-del-cambio-climatico-en-la-produccion-de-mejillones-de-la-ue\/\" class=\"_self cvplbd\" target=\"_self\" >Recomendaci\u00f3n del CCA sobre el impacto preocupante del cambio clim\u00e1tico en la producci\u00f3n de mejillones de la UE<\/a><\/h4>\n<div class=\"pt-cv-meta-fields\"><span class=\"entry-date\"> <time datetime=\"2025-10-30T11:28:04+00:00\">octubre, 2025<\/time><\/span><span> \/ <\/span><span class=\"terms\"> aquaculture, cambio clim\u00e1tico, conquilicultura, mejillones, Recomendaciones, Recomendaciones<\/span><\/div><\/div><\/div><\/div><\/div>\n<div class=\"text-left pt-cv-pagination-wrapper\"><ul class=\"pt-cv-pagination pt-cv-ajax pagination\" data-totalpages=\"11\" data-currentpage=\"1\" data-sid=\"2081533ypg\" data-unid=\"\" data-isblock=\"\" data-postid=\"\"><li class=\"active\"><a href=\"#\">1<\/a><\/li>\n\t<li ><a class=\"\" href=\"https:\/\/aac-europe.org\/es\/wp-json\/wp\/v2\/pages\/12069\/?_page=2\">2<\/a><\/li>\n\t<li ><a class=\"\" href=\"https:\/\/aac-europe.org\/es\/wp-json\/wp\/v2\/pages\/12069\/?_page=3\">3<\/a><\/li>\n\t<li ><a href=\"#\">&hellip;<\/a><\/li>\n\t<li ><a class=\"\" href=\"https:\/\/aac-europe.org\/es\/wp-json\/wp\/v2\/pages\/12069\/?_page=11\">11<\/a><\/li>\n\t<li ><a class=\" \" href=\"https:\/\/aac-europe.org\/es\/wp-json\/wp\/v2\/pages\/12069\/?_page=2\">&rsaquo;<\/a><\/li>\n\t<\/ul><img width=\"15\" height=\"15\" class=\"pt-cv-spinner\" alt=\"Loading...\" src=\"data:image\/gif;base64,R0lGODlhDwAPALMPAMrKygwMDJOTkz09PZWVla+vr3p6euTk5M7OzuXl5TMzMwAAAJmZmWZmZszMzP\/\/\/yH\/C05FVFNDQVBFMi4wAwEAAAAh+QQFCgAPACwAAAAADwAPAAAEQvDJaZaZOIcV8iQK8VRX4iTYoAwZ4iCYoAjZ4RxejhVNoT+mRGP4cyF4Pp0N98sBGIBMEMOotl6YZ3S61Bmbkm4mAgAh+QQFCgAPACwAAAAADQANAAAENPDJSRSZeA418itN8QiK8BiLITVsFiyBBIoYqnoewAD4xPw9iY4XLGYSjkQR4UAUD45DLwIAIfkEBQoADwAsAAAAAA8ACQAABC\/wyVlamTi3nSdgwFNdhEJgTJoNyoB9ISYoQmdjiZPcj7EYCAeCF1gEDo4Dz2eIAAAh+QQFCgAPACwCAAAADQANAAAEM\/DJBxiYeLKdX3IJZT1FU0iIg2RNKx3OkZVnZ98ToRD4MyiDnkAh6BkNC0MvsAj0kMpHBAAh+QQFCgAPACwGAAAACQAPAAAEMDC59KpFDll73HkAA2wVY5KgiK5b0RRoI6MuzG6EQqCDMlSGheEhUAgqgUUAFRySIgAh+QQFCgAPACwCAAIADQANAAAEM\/DJKZNLND\/kkKaHc3xk+QAMYDKsiaqmZCxGVjSFFCxB1vwy2oOgIDxuucxAMTAJFAJNBAAh+QQFCgAPACwAAAYADwAJAAAEMNAs86q1yaWwwv2Ig0jUZx3OYa4XoRAfwADXoAwfo1+CIjyFRuEho60aSNYlOPxEAAAh+QQFCgAPACwAAAIADQANAAAENPA9s4y8+IUVcqaWJ4qEQozSoAzoIyhCK2NFU2SJk0hNnyEOhKR2AzAAj4Pj4GE4W0bkJQIAOw==\" \/><div class=\"clear pt-cv-clear-pagination\"><\/div><\/div><\/div>\t\t\t<style type=\"text\/css\" id=\"pt-cv-inline-style-5e9a08bkqy\">#pt-cv-view-2081533ypg .pt-cv-title a, #pt-cv-view-2081533ypg  .panel-title { font-weight: 600 !important; }\n#pt-cv-view-2081533ypg .pt-cv-carousel-caption  { background-color: rgba(51,51,51,.6) !important; }\n#pt-cv-view-2081533ypg .pt-cv-specialp { background-color: #CC3333 !important }\n#pt-cv-view-2081533ypg .pt-cv-specialp * { color: #fff !important; }\n#pt-cv-view-2081533ypg .pt-cv-pficon  { color: #bbb !important; }\n#pt-cv-view-2081533ypg .pt-cv-readmore  { color: #ffffff !important; background-color: #10a1a0 !important; }\n#pt-cv-view-2081533ypg .pt-cv-readmore:hover  { color: #ffffff !important; background-color: #10a1a0 !important; }\n#pt-cv-view-2081533ypg  + .pt-cv-pagination-wrapper .pt-cv-more , #pt-cv-view-2081533ypg  + .pt-cv-pagination-wrapper .pagination .active a, .pt-cv-pagination[data-sid='2081533ypg'] .active a { color: #ffffff !important; background-color: #10a1a0 !important; }<\/style>\r\n\t\t\t\n<\/p>\r\n<p>[\/vc_column_text][\/vc_column][\/vc_row][vc_row][vc_column][vc_column_text]<\/p>\r\n<p>[\/vc_column_text][\/vc_column][\/vc_row]<\/p>","protected":false},"excerpt":{"rendered":"<p>[vc_row][vc_column][vc_column_text] [\/vc_column_text][\/vc_column][\/vc_row][vc_row][vc_column][vc_column_text] [\/vc_column_text][\/vc_column][\/vc_row][vc_row][vc_column][vc_column_text] [\/vc_column_text][\/vc_column][\/vc_row]<\/p>\n","protected":false},"author":1,"featured_media":0,"parent":12067,"menu_order":1,"comment_status":"closed","ping_status":"closed","template":"","meta":[],"acf":[],"_links":{"self":[{"href":"https:\/\/aac-europe.org\/es\/wp-json\/wp\/v2\/pages\/12069"}],"collection":[{"href":"https:\/\/aac-europe.org\/es\/wp-json\/wp\/v2\/pages"}],"about":[{"href":"https:\/\/aac-europe.org\/es\/wp-json\/wp\/v2\/types\/page"}],"author":[{"embeddable":true,"href":"https:\/\/aac-europe.org\/es\/wp-json\/wp\/v2\/users\/1"}],"replies":[{"embeddable":true,"href":"https:\/\/aac-europe.org\/es\/wp-json\/wp\/v2\/comments?post=12069"}],"version-history":[{"count":7,"href":"https:\/\/aac-europe.org\/es\/wp-json\/wp\/v2\/pages\/12069\/revisions"}],"predecessor-version":[{"id":13469,"href":"https:\/\/aac-europe.org\/es\/wp-json\/wp\/v2\/pages\/12069\/revisions\/13469"}],"up":[{"embeddable":true,"href":"https:\/\/aac-europe.org\/es\/wp-json\/wp\/v2\/pages\/12067"}],"wp:attachment":[{"href":"https:\/\/aac-europe.org\/es\/wp-json\/wp\/v2\/media?parent=12069"}],"curies":[{"name":"wp","href":"https:\/\/api.w.org\/{rel}","templated":true}]}}