{"id":12068,"date":"2023-01-16T13:50:41","date_gmt":"2023-01-16T13:50:41","guid":{"rendered":"http:\/\/aac-europe.org\/recommendations\/position-papers\/"},"modified":"2023-05-08T11:48:22","modified_gmt":"2023-05-08T11:48:22","slug":"recommandations_sub","status":"publish","type":"page","link":"https:\/\/aac-europe.org\/fr\/recommandations\/recommandations_sub\/","title":{"rendered":"Recommandations"},"content":{"rendered":"<p>[vc_row][vc_column][vc_column_text]<p>[\/vc_column_text][\/vc_column][\/vc_row][vc_row css=\u00a0\u00bb.vc_custom_1678195211571{margin-right: 0px !important;margin-left: 0px !important;}\u00a0\u00bb][vc_column css=\u00a0\u00bb.vc_custom_1678195190183{background-color: rgba(163,163,163,0.37) !important;*background-color: rgb(163,163,163) !important;border-radius: 10px !important;}\u00a0\u00bb][vc_column_text css=\u00a0\u00bb.vc_custom_1683546499207{margin-right: 15px !important;margin-left: 15px !important;}\u00a0\u00bb]<\/p>\n<p style=\"text-align: justify;\">Le Conseil consultatif de l&rsquo;aquaculture est habilit\u00e9 par <a href=\"https:\/\/eur-lex.europa.eu\/legal-content\/FR\/TXT\/?uri=CELEX:32013R1380\">le r\u00e8glement de la politique commune de la p\u00eache<\/a> \u00e0 soumettre des recommandations et des suggestions \u00e0 la Commission et aux \u00c9tats membres concern\u00e9s sur des questions relatives \u00e0 la gestion et aux aspects socio-\u00e9conomiques et de conservation de l&rsquo;aquaculture.<\/p>\n<p>[\/vc_column_text][\/vc_column][\/vc_row][vc_row][vc_column][vc_column_text]<\/p>\n<\/p>\r\n<p>[\/vc_column_text][\/vc_column][\/vc_row][vc_row][vc_column][vc_column_text]<\/p>\r\n\r\n<div class=\"pt-cv-wrapper\"><div class=\"cvp-live-filter cvp-search-box \" id=\"\" data-name=\"_search\" data-sid=\"2081533ypg\"><label for='sf_1365' class=\"cvp-label\">Mots-cl\u00e9s<\/label><input type=\"text\" id=\"sf_1365\" name=\"_search\" value=\"\" data-nosubmit=\"true\" placeholder=\"\"\/><\/div><div class=\"cvp-live-filter cvp-dropdown \" id=\"\" data-name=\"tx_category\" data-sid=\"2081533ypg\"><label class=\"cvp-label\">Category<\/label><select name=\"tx_category\"><option value=\"\">All<\/option><option value=\"recommendations-fr\" >Recommendations<span class=\"cvp-count\"> (24)<\/span><\/option><option value=\"recommandations-recommandations\" >Recommandations<span class=\"cvp-count\"> (93)<\/span><\/option><\/select><\/div><div class=\"pt-cv-view pt-cv-grid pt-cv-colsys pt-cv-same-height pt-cv-pgregular cvp-lfres\" id=\"pt-cv-view-2081533ypg\"><div data-id=\"pt-cv-page-1\" class=\"pt-cv-page\" data-cvc=\"2\" data-cvct=\"2\" data-cvcm=\"1\"><div class=\"col-md-6 col-sm-6 col-xs-12 pt-cv-content-item pt-cv-1-col\"  data-pid=\"15944\"><div class='pt-cv-ifield'><a href=\"https:\/\/aac-europe.org\/fr\/publication\/recommandation-du-cca-concernant-la-protection-de-laquaculture-dans-le-cadre-de-la-revision-prevue-de-la-directive-cadre-sur-leau\/\" class=\"_self pt-cv-href-thumbnail pt-cv-thumb-default cvplbd\" target=\"_self\" ><img width=\"2560\" height=\"1707\" src=\"https:\/\/aac-europe.org\/wp-content\/uploads\/2026\/04\/Leo-Kirchmaier-10-scaled.jpg\" class=\"pt-cv-thumbnail img-none skip-lazy \" alt=\"Recommandation du CCA concernant la protection de l&#039;aquaculture dans le cadre de la r\u00e9vision pr\u00e9vue de la directive-cadre sur l&#039;eau\" decoding=\"async\" \/><\/a>\n<h4 class=\"pt-cv-title post-category-recommandations\"><a href=\"https:\/\/aac-europe.org\/fr\/publication\/recommandation-du-cca-concernant-la-protection-de-laquaculture-dans-le-cadre-de-la-revision-prevue-de-la-directive-cadre-sur-leau\/\" class=\"_self cvplbd\" target=\"_self\" >Recommandation du CCA concernant la protection de l&rsquo;aquaculture dans le cadre de la r\u00e9vision pr\u00e9vue de la directive-cadre sur l&rsquo;eau<\/a><\/h4>\n<div class=\"pt-cv-meta-fields\"><span class=\"entry-date\"> <time datetime=\"2026-04-14T11:20:09+00:00\">avril, 2026<\/time><\/span><span> \/ <\/span><span class=\"terms\"> Aquaculture, Directive-cadre sur l'eau, Recommandations<\/span><\/div><\/div><\/div>\n<div class=\"col-md-6 col-sm-6 col-xs-12 pt-cv-content-item pt-cv-1-col\"  data-pid=\"15793\"><div class='pt-cv-ifield'><a href=\"https:\/\/aac-europe.org\/fr\/publication\/recommandation-du-cca-sur-le-rapport-devaluation-a-mi-parcours-des-orientations-strategiques-et-des-plans-strategiques-pluriannuels\/\" class=\"_self pt-cv-href-thumbnail pt-cv-thumb-default cvplbd\" target=\"_self\" ><img width=\"1520\" height=\"820\" src=\"https:\/\/aac-europe.org\/wp-content\/uploads\/2026\/01\/Aquaculture-Corfou-1520x820-1.png\" class=\"pt-cv-thumbnail img-none skip-lazy \" alt=\"Recommandation du CCA sur le rapport d&#039;\u00e9valuation \u00e0 mi-parcours des orientations strat\u00e9giques et des plans strat\u00e9giques pluriannuels\" decoding=\"async\" \/><\/a>\n<h4 class=\"pt-cv-title post-category-recommandations\"><a href=\"https:\/\/aac-europe.org\/fr\/publication\/recommandation-du-cca-sur-le-rapport-devaluation-a-mi-parcours-des-orientations-strategiques-et-des-plans-strategiques-pluriannuels\/\" class=\"_self cvplbd\" target=\"_self\" >Recommandation du CCA sur le rapport d&rsquo;\u00e9valuation \u00e0 mi-parcours des orientations strat\u00e9giques et des plans strat\u00e9giques pluriannuels<\/a><\/h4>\n<div class=\"pt-cv-meta-fields\"><span class=\"entry-date\"> <time datetime=\"2026-01-30T15:35:30+00:00\">janvier, 2026<\/time><\/span><span> \/ <\/span><span class=\"terms\"> aquaculture, \u00e9valuation \u00e0 mi-parcours, orientations strat\u00e9giques, plans strat\u00e9giques, Recommandations, Recommendations<\/span><\/div><\/div><\/div>\n<div class=\"col-md-6 col-sm-6 col-xs-12 pt-cv-content-item pt-cv-1-col\"  data-pid=\"15767\"><div class='pt-cv-ifield'><a href=\"https:\/\/aac-europe.org\/fr\/publication\/recommandation-du-cca-sur-les-indicateurs-pour-l-enquete-annuelle-des-etats-membres\/\" class=\"_self pt-cv-href-thumbnail pt-cv-thumb-default cvplbd\" target=\"_self\" ><img width=\"1280\" height=\"864\" src=\"https:\/\/aac-europe.org\/wp-content\/uploads\/2026\/01\/sunset-in-a-fish-farm.jpg\" class=\"pt-cv-thumbnail img-none skip-lazy \" alt=\"Recommandation du CCA sur les indicateurs pour l&#039;enqu\u00eate annuelle des \u00c9tats membres\" decoding=\"async\" \/><\/a>\n<h4 class=\"pt-cv-title post-category-recommandations\"><a href=\"https:\/\/aac-europe.org\/fr\/publication\/recommandation-du-cca-sur-les-indicateurs-pour-l-enquete-annuelle-des-etats-membres\/\" class=\"_self cvplbd\" target=\"_self\" >Recommandation du CCA sur les indicateurs pour l&rsquo;enqu\u00eate annuelle des \u00c9tats membres<\/a><\/h4>\n<div class=\"pt-cv-meta-fields\"><span class=\"entry-date\"> <time datetime=\"2026-01-16T14:20:20+00:00\">janvier, 2026<\/time><\/span><span> \/ <\/span><span class=\"terms\"> FEAMPA, indicateurs de performance, orientations strat\u00e9giques, rapport sur l\u2019\u00e9valuation \u00e0 mi-parcours, Recommandations, Recommendations<\/span><\/div><\/div><\/div>\n<div class=\"col-md-6 col-sm-6 col-xs-12 pt-cv-content-item pt-cv-1-col\"  data-pid=\"15708\"><div class='pt-cv-ifield'><a href=\"https:\/\/aac-europe.org\/fr\/publication\/recommandation-du-cca-sur-le-variant-delete-dans-la-rhp-du-virus-de-lanemie-infectieuse-du-saumon\/\" class=\"_self pt-cv-href-thumbnail pt-cv-thumb-default cvplbd\" target=\"_self\" ><img width=\"2560\" height=\"1707\" src=\"https:\/\/aac-europe.org\/wp-content\/uploads\/2026\/01\/DSCF9367-scaled.jpg\" class=\"pt-cv-thumbnail img-none skip-lazy \" alt=\"Recommandation du CCA sur le variant d\u00e9l\u00e9t\u00e9 dans la RHP du virus de l&#039;an\u00e9mie infectieuse du saumon\" decoding=\"async\" \/><\/a>\n<h4 class=\"pt-cv-title post-category-recommandations\"><a href=\"https:\/\/aac-europe.org\/fr\/publication\/recommandation-du-cca-sur-le-variant-delete-dans-la-rhp-du-virus-de-lanemie-infectieuse-du-saumon\/\" class=\"_self cvplbd\" target=\"_self\" >Recommandation du CCA sur le variant d\u00e9l\u00e9t\u00e9 dans la RHP du virus de l&rsquo;an\u00e9mie infectieuse du saumon<\/a><\/h4>\n<div class=\"pt-cv-meta-fields\"><span class=\"entry-date\"> <time datetime=\"2026-01-05T13:37:45+00:00\">janvier, 2026<\/time><\/span><span> \/ <\/span><span class=\"terms\"> infectieux, l\u00e9gislation sur la sant\u00e9 animale, maladies, poisson, Recommandations, Recommendations, RHP, truite arc-en-ciel, truite commune, VAIS, virus<\/span><\/div><\/div><\/div>\n<div class=\"col-md-6 col-sm-6 col-xs-12 pt-cv-content-item pt-cv-1-col\"  data-pid=\"15541\"><div class='pt-cv-ifield'><a href=\"https:\/\/aac-europe.org\/fr\/publication\/recommandation-du-cca-sur-les-statistiques-europeennes-de-la-peche-et-de-l-aquaculture\/\" class=\"_self pt-cv-href-thumbnail pt-cv-thumb-default cvplbd\" target=\"_self\" ><img width=\"2560\" height=\"1440\" src=\"https:\/\/aac-europe.org\/wp-content\/uploads\/2025\/11\/image-9-scaled.jpg\" class=\"pt-cv-thumbnail img-none skip-lazy \" alt=\"Recommandation du CCA sur les statistiques europ\u00e9ennes de la p\u00eache et de l&#039;aquaculture\" decoding=\"async\" \/><\/a>\n<h4 class=\"pt-cv-title post-category-recommandations\"><a href=\"https:\/\/aac-europe.org\/fr\/publication\/recommandation-du-cca-sur-les-statistiques-europeennes-de-la-peche-et-de-l-aquaculture\/\" class=\"_self cvplbd\" target=\"_self\" >Recommandation du CCA sur les statistiques europ\u00e9ennes de la p\u00eache et de l&rsquo;aquaculture<\/a><\/h4>\n<div class=\"pt-cv-meta-fields\"><span class=\"entry-date\"> <time datetime=\"2025-11-03T12:53:23+00:00\">novembre, 2025<\/time><\/span><span> \/ <\/span><span class=\"terms\"> Aquaculture, collecte de donn\u00e9es, Recommandations, Recommandations, Recommendations, statistiques, statistiques europ\u00e9ennes de la p\u00eache et de l'aquaculture<\/span><\/div><\/div><\/div>\n<div class=\"col-md-6 col-sm-6 col-xs-12 pt-cv-content-item pt-cv-1-col\"  data-pid=\"15536\"><div class='pt-cv-ifield'><a href=\"https:\/\/aac-europe.org\/fr\/publication\/recommandation-du-cca-sur-la-diffusion-la-communication-et-l-exploitation-de-la-recherche-et-de-l-innovation-dans-le-domaine-de-l-aquaculture-europeenne\/\" class=\"_self pt-cv-href-thumbnail pt-cv-thumb-default cvplbd\" target=\"_self\" ><img width=\"2560\" height=\"1920\" src=\"https:\/\/aac-europe.org\/wp-content\/uploads\/2025\/10\/research-and-innovation-scaled.jpg\" class=\"pt-cv-thumbnail img-none skip-lazy \" alt=\"Recommandation du CCA sur la diffusion, la communication et l&#039;exploitation de la recherche et de l&#039;innovation dans le domaine de l&#039;aquaculture europ\u00e9enne\" decoding=\"async\" \/><\/a>\n<h4 class=\"pt-cv-title post-category-recommandations\"><a href=\"https:\/\/aac-europe.org\/fr\/publication\/recommandation-du-cca-sur-la-diffusion-la-communication-et-l-exploitation-de-la-recherche-et-de-l-innovation-dans-le-domaine-de-l-aquaculture-europeenne\/\" class=\"_self cvplbd\" target=\"_self\" >Recommandation du CCA sur la diffusion, la communication et l&rsquo;exploitation de la recherche et de l&rsquo;innovation dans le domaine de l&rsquo;aquaculture europ\u00e9enne<\/a><\/h4>\n<div class=\"pt-cv-meta-fields\"><span class=\"entry-date\"> <time datetime=\"2025-10-31T09:11:02+00:00\">octobre, 2025<\/time><\/span><span> \/ <\/span><span class=\"terms\"> aquaculture, communication, diss\u00e9mination, innovation, recherche, Recommandations, Recommendations<\/span><\/div><\/div><\/div>\n<div class=\"col-md-6 col-sm-6 col-xs-12 pt-cv-content-item pt-cv-1-col\"  data-pid=\"15521\"><div class='pt-cv-ifield'><a href=\"https:\/\/aac-europe.org\/fr\/publication\/recommandation-du-cca-sur-les-niveaux-de-contaminants-industriels-dans-l-aquaculture-et-les-changements-climatiques\/\" class=\"_self pt-cv-href-thumbnail pt-cv-thumb-default cvplbd\" target=\"_self\" ><img width=\"1818\" height=\"1215\" src=\"https:\/\/aac-europe.org\/wp-content\/uploads\/2025\/10\/industrial-contaminants.jpg\" class=\"pt-cv-thumbnail img-none skip-lazy \" alt=\"Recommandation du CCA sur les niveaux de contaminants industriels dans l&#039;aquaculture et les changements climatiques\" decoding=\"async\" \/><\/a>\n<h4 class=\"pt-cv-title post-category-recommandations\"><a href=\"https:\/\/aac-europe.org\/fr\/publication\/recommandation-du-cca-sur-les-niveaux-de-contaminants-industriels-dans-l-aquaculture-et-les-changements-climatiques\/\" class=\"_self cvplbd\" target=\"_self\" >Recommandation du CCA sur les niveaux de contaminants industriels dans l&rsquo;aquaculture et les changements climatiques<\/a><\/h4>\n<div class=\"pt-cv-meta-fields\"><span class=\"entry-date\"> <time datetime=\"2025-10-30T11:42:47+00:00\">octobre, 2025<\/time><\/span><span> \/ <\/span><span class=\"terms\"> aquaculture, changement climatique, niveaux de contaminants industriels, Recommandations, Recommendations<\/span><\/div><\/div><\/div>\n<div class=\"col-md-6 col-sm-6 col-xs-12 pt-cv-content-item pt-cv-1-col\"  data-pid=\"15517\"><div class='pt-cv-ifield'><a href=\"https:\/\/aac-europe.org\/fr\/publication\/recommandation-du-cca-concernant-la-situation-d-urgence-relative-au-crabe-bleu-en-italie\/\" class=\"_self pt-cv-href-thumbnail pt-cv-thumb-default cvplbd\" target=\"_self\" ><img width=\"2560\" height=\"1694\" src=\"https:\/\/aac-europe.org\/wp-content\/uploads\/2025\/10\/blue-crab-scaled.jpg\" class=\"pt-cv-thumbnail img-none skip-lazy \" alt=\"Recommandation du CCA concernant la situation d&#039;urgence relative au crabe bleu en Italie\" decoding=\"async\" \/><\/a>\n<h4 class=\"pt-cv-title post-category-recommandations\"><a href=\"https:\/\/aac-europe.org\/fr\/publication\/recommandation-du-cca-concernant-la-situation-d-urgence-relative-au-crabe-bleu-en-italie\/\" class=\"_self cvplbd\" target=\"_self\" >Recommandation du CCA concernant la situation d&rsquo;urgence relative au crabe bleu en Italie<\/a><\/h4>\n<div class=\"pt-cv-meta-fields\"><span class=\"entry-date\"> <time datetime=\"2025-10-30T11:38:16+00:00\">octobre, 2025<\/time><\/span><span> \/ <\/span><span class=\"terms\"> aquaculture, blue crab, Coquillages, Recommandations, Recommendations<\/span><\/div><\/div><\/div>\n<div class=\"col-md-6 col-sm-6 col-xs-12 pt-cv-content-item pt-cv-1-col\"  data-pid=\"15514\"><div class='pt-cv-ifield'><a href=\"https:\/\/aac-europe.org\/fr\/publication\/recommandation-du-cca-sur-l-utilisation-des-donnees-satellitaires-pour-l-aquaculture\/\" class=\"_self pt-cv-href-thumbnail pt-cv-thumb-default cvplbd\" target=\"_self\" ><img width=\"2560\" height=\"1706\" src=\"https:\/\/aac-europe.org\/wp-content\/uploads\/2025\/10\/satellite-data-scaled.jpg\" class=\"pt-cv-thumbnail img-none skip-lazy \" alt=\"Recommandation du CCA sur l&#039;utilisation des donn\u00e9es satellitaires pour l&#039;aquaculture\" decoding=\"async\" \/><\/a>\n<h4 class=\"pt-cv-title post-category-recommandations\"><a href=\"https:\/\/aac-europe.org\/fr\/publication\/recommandation-du-cca-sur-l-utilisation-des-donnees-satellitaires-pour-l-aquaculture\/\" class=\"_self cvplbd\" target=\"_self\" >Recommandation du CCA sur l&rsquo;utilisation des donn\u00e9es satellitaires pour l&rsquo;aquaculture<\/a><\/h4>\n<div class=\"pt-cv-meta-fields\"><span class=\"entry-date\"> <time datetime=\"2025-10-30T11:33:35+00:00\">octobre, 2025<\/time><\/span><span> \/ <\/span><span class=\"terms\"> aquaculture, donn\u00e9es satellitaires, Recommandations, Recommendations<\/span><\/div><\/div><\/div>\n<div class=\"col-md-6 col-sm-6 col-xs-12 pt-cv-content-item pt-cv-1-col\"  data-pid=\"15511\"><div class='pt-cv-ifield'><a href=\"https:\/\/aac-europe.org\/fr\/publication\/recommandation-du-cca-concernant-l-impact-preoccupant-du-changement-climatique-sur-la-production-de-moules-dans-l-ue\/\" class=\"_self pt-cv-href-thumbnail pt-cv-thumb-default cvplbd\" target=\"_self\" ><img width=\"1600\" height=\"720\" src=\"https:\/\/aac-europe.org\/wp-content\/uploads\/2025\/10\/climate-change.jpeg\" class=\"pt-cv-thumbnail img-none skip-lazy \" alt=\"Recommandation du CCA concernant l&#039;impact pr\u00e9occupant du changement climatique sur la production de moules dans l&#039;UE\" decoding=\"async\" \/><\/a>\n<h4 class=\"pt-cv-title post-category-recommandations\"><a href=\"https:\/\/aac-europe.org\/fr\/publication\/recommandation-du-cca-concernant-l-impact-preoccupant-du-changement-climatique-sur-la-production-de-moules-dans-l-ue\/\" class=\"_self cvplbd\" target=\"_self\" >Recommandation du CCA concernant l&rsquo;impact pr\u00e9occupant du changement climatique sur la production de moules dans l&rsquo;UE<\/a><\/h4>\n<div class=\"pt-cv-meta-fields\"><span class=\"entry-date\"> <time datetime=\"2025-10-30T11:28:04+00:00\">octobre, 2025<\/time><\/span><span> \/ <\/span><span class=\"terms\"> aquaculture, changement climatique, Coquillages, moules, Recommandations, Recommendations<\/span><\/div><\/div><\/div><\/div><\/div>\n<div class=\"text-left pt-cv-pagination-wrapper\"><ul class=\"pt-cv-pagination pt-cv-ajax pagination\" data-totalpages=\"11\" data-currentpage=\"1\" data-sid=\"2081533ypg\" data-unid=\"\" data-isblock=\"\" data-postid=\"\"><li class=\"active\"><a href=\"#\">1<\/a><\/li>\n\t<li ><a class=\"\" href=\"https:\/\/aac-europe.org\/fr\/wp-json\/wp\/v2\/pages\/12068\/?_page=2\">2<\/a><\/li>\n\t<li ><a class=\"\" href=\"https:\/\/aac-europe.org\/fr\/wp-json\/wp\/v2\/pages\/12068\/?_page=3\">3<\/a><\/li>\n\t<li ><a href=\"#\">\u2026<\/a><\/li>\n\t<li ><a class=\"\" href=\"https:\/\/aac-europe.org\/fr\/wp-json\/wp\/v2\/pages\/12068\/?_page=11\">11<\/a><\/li>\n\t<li ><a class=\" \" href=\"https:\/\/aac-europe.org\/fr\/wp-json\/wp\/v2\/pages\/12068\/?_page=2\">&rsaquo;<\/a><\/li>\n\t<\/ul><img width=\"15\" height=\"15\" class=\"pt-cv-spinner\" alt=\"Loading...\" src=\"data:image\/gif;base64,R0lGODlhDwAPALMPAMrKygwMDJOTkz09PZWVla+vr3p6euTk5M7OzuXl5TMzMwAAAJmZmWZmZszMzP\/\/\/yH\/C05FVFNDQVBFMi4wAwEAAAAh+QQFCgAPACwAAAAADwAPAAAEQvDJaZaZOIcV8iQK8VRX4iTYoAwZ4iCYoAjZ4RxejhVNoT+mRGP4cyF4Pp0N98sBGIBMEMOotl6YZ3S61Bmbkm4mAgAh+QQFCgAPACwAAAAADQANAAAENPDJSRSZeA418itN8QiK8BiLITVsFiyBBIoYqnoewAD4xPw9iY4XLGYSjkQR4UAUD45DLwIAIfkEBQoADwAsAAAAAA8ACQAABC\/wyVlamTi3nSdgwFNdhEJgTJoNyoB9ISYoQmdjiZPcj7EYCAeCF1gEDo4Dz2eIAAAh+QQFCgAPACwCAAAADQANAAAEM\/DJBxiYeLKdX3IJZT1FU0iIg2RNKx3OkZVnZ98ToRD4MyiDnkAh6BkNC0MvsAj0kMpHBAAh+QQFCgAPACwGAAAACQAPAAAEMDC59KpFDll73HkAA2wVY5KgiK5b0RRoI6MuzG6EQqCDMlSGheEhUAgqgUUAFRySIgAh+QQFCgAPACwCAAIADQANAAAEM\/DJKZNLND\/kkKaHc3xk+QAMYDKsiaqmZCxGVjSFFCxB1vwy2oOgIDxuucxAMTAJFAJNBAAh+QQFCgAPACwAAAYADwAJAAAEMNAs86q1yaWwwv2Ig0jUZx3OYa4XoRAfwADXoAwfo1+CIjyFRuEho60aSNYlOPxEAAAh+QQFCgAPACwAAAIADQANAAAENPA9s4y8+IUVcqaWJ4qEQozSoAzoIyhCK2NFU2SJk0hNnyEOhKR2AzAAj4Pj4GE4W0bkJQIAOw==\" \/><div class=\"clear pt-cv-clear-pagination\"><\/div><\/div><\/div>\t\t\t<style type=\"text\/css\" id=\"pt-cv-inline-style-5867f713l6\">#pt-cv-view-2081533ypg .pt-cv-title a, #pt-cv-view-2081533ypg  .panel-title { font-weight: 600 !important; }\n#pt-cv-view-2081533ypg .pt-cv-carousel-caption  { background-color: rgba(51,51,51,.6) !important; }\n#pt-cv-view-2081533ypg .pt-cv-specialp { background-color: #CC3333 !important }\n#pt-cv-view-2081533ypg .pt-cv-specialp * { color: #fff !important; }\n#pt-cv-view-2081533ypg .pt-cv-pficon  { color: #bbb !important; }\n#pt-cv-view-2081533ypg .pt-cv-readmore  { color: #ffffff !important; background-color: #10a1a0 !important; }\n#pt-cv-view-2081533ypg .pt-cv-readmore:hover  { color: #ffffff !important; background-color: #10a1a0 !important; }\n#pt-cv-view-2081533ypg  + .pt-cv-pagination-wrapper .pt-cv-more , #pt-cv-view-2081533ypg  + .pt-cv-pagination-wrapper .pagination .active a, .pt-cv-pagination[data-sid='2081533ypg'] .active a { color: #ffffff !important; background-color: #10a1a0 !important; }<\/style>\r\n\t\t\t\n<\/p>\r\n<p>[\/vc_column_text][\/vc_column][\/vc_row][vc_row][vc_column][vc_column_text]<\/p>\r\n<p>[\/vc_column_text][\/vc_column][\/vc_row]<\/p>","protected":false},"excerpt":{"rendered":"<p>[vc_row][vc_column][vc_column_text] [\/vc_column_text][\/vc_column][\/vc_row][vc_row][vc_column][vc_column_text] [\/vc_column_text][\/vc_column][\/vc_row][vc_row][vc_column][vc_column_text] [\/vc_column_text][\/vc_column][\/vc_row]<\/p>\n","protected":false},"author":1,"featured_media":0,"parent":12066,"menu_order":1,"comment_status":"closed","ping_status":"closed","template":"","meta":[],"acf":[],"_links":{"self":[{"href":"https:\/\/aac-europe.org\/fr\/wp-json\/wp\/v2\/pages\/12068"}],"collection":[{"href":"https:\/\/aac-europe.org\/fr\/wp-json\/wp\/v2\/pages"}],"about":[{"href":"https:\/\/aac-europe.org\/fr\/wp-json\/wp\/v2\/types\/page"}],"author":[{"embeddable":true,"href":"https:\/\/aac-europe.org\/fr\/wp-json\/wp\/v2\/users\/1"}],"replies":[{"embeddable":true,"href":"https:\/\/aac-europe.org\/fr\/wp-json\/wp\/v2\/comments?post=12068"}],"version-history":[{"count":6,"href":"https:\/\/aac-europe.org\/fr\/wp-json\/wp\/v2\/pages\/12068\/revisions"}],"predecessor-version":[{"id":13466,"href":"https:\/\/aac-europe.org\/fr\/wp-json\/wp\/v2\/pages\/12068\/revisions\/13466"}],"up":[{"embeddable":true,"href":"https:\/\/aac-europe.org\/fr\/wp-json\/wp\/v2\/pages\/12066"}],"wp:attachment":[{"href":"https:\/\/aac-europe.org\/fr\/wp-json\/wp\/v2\/media?parent=12068"}],"curies":[{"name":"wp","href":"https:\/\/api.w.org\/{rel}","templated":true}]}}