{"id":12072,"date":"2023-01-16T13:47:58","date_gmt":"2023-01-16T13:47:58","guid":{"rendered":"http:\/\/aac-europe.org\/recommendations\/european-commission-answers\/"},"modified":"2023-01-29T16:44:07","modified_gmt":"2023-01-29T16:44:07","slug":"reponses-de-la-commission-europeenne","status":"publish","type":"page","link":"https:\/\/aac-europe.org\/fr\/recommandations\/reponses-de-la-commission-europeenne\/","title":{"rendered":"R\u00e9ponses de la Commission europ\u00e9enne"},"content":{"rendered":"<div class=\"pt-cv-wrapper\"><div class=\"cvp-live-filter cvp-search-box \" id=\"\" data-name=\"_search\" data-sid=\"f4a59e56bf\"><label for='sf_1998' class=\"cvp-label\">Mots-cl\u00e9s<\/label><input type=\"text\" id=\"sf_1998\" name=\"_search\" value=\"\" data-nosubmit=\"true\" placeholder=\"\"\/><\/div><div class=\"cvp-live-filter cvp-dropdown \" id=\"\" data-name=\"tx_category\" data-sid=\"f4a59e56bf\"><label class=\"cvp-label\">Category<\/label><select name=\"tx_category\"><option value=\"\">All<\/option><option value=\"recommandations-reponses_ue\" >R\u00e9ponses de la Commission europ\u00e9enne<span class=\"cvp-count\"> (53)<\/span><\/option><\/select><\/div><div class=\"pt-cv-view pt-cv-grid pt-cv-colsys pt-cv-same-height pt-cv-pgregular cvp-lfres\" id=\"pt-cv-view-f4a59e56bf\"><div data-id=\"pt-cv-page-1\" class=\"pt-cv-page\" data-cvc=\"2\" data-cvct=\"2\" data-cvcm=\"1\"><div class=\"col-md-6 col-sm-6 col-xs-12 pt-cv-content-item pt-cv-1-col\"  data-pid=\"15853\"><div class='pt-cv-ifield'><a href=\"https:\/\/aac-europe.org\/fr\/publication\/reponse-de-la-commission-europeenne-a-la-recommandation-du-cca-sur-le-rapport-devaluation-a-mi-parcours-des-orientations-strategiques-et-des-plans-strategiques-pluriannuels\/\" class=\"_self pt-cv-href-thumbnail pt-cv-thumb-default cvplbd\" target=\"_self\" ><\/a>\n<h4 class=\"pt-cv-title post-category-rponses-de-la-commission-europenne\"><a href=\"https:\/\/aac-europe.org\/fr\/publication\/reponse-de-la-commission-europeenne-a-la-recommandation-du-cca-sur-le-rapport-devaluation-a-mi-parcours-des-orientations-strategiques-et-des-plans-strategiques-pluriannuels\/\" class=\"_self cvplbd\" target=\"_self\" >R\u00e9ponse de la Commission europ\u00e9enne \u00e0 la Recommandation du CCA sur le rapport d\u2019\u00e9valuation \u00e0 mi-parcours des orientations strat\u00e9giques et des plans strat\u00e9giques pluriannuels<\/a><\/h4>\n<div class=\"pt-cv-meta-fields\"><span class=\"entry-date\"> <time datetime=\"2026-03-10T08:28:58+00:00\">mars, 2026<\/time><\/span><span> \/ <\/span><span class=\"terms\"> R\u00e9ponses de la Commission europ\u00e9enne<\/span><\/div><\/div><\/div>\n<div class=\"col-md-6 col-sm-6 col-xs-12 pt-cv-content-item pt-cv-1-col\"  data-pid=\"15819\"><div class='pt-cv-ifield'><a href=\"https:\/\/aac-europe.org\/fr\/publication\/reponse-de-la-commission-europeenne-a-la-recommandation-du-cca-sur-les-statistiques-europeennes-de-la-peche-et-de-l-aquaculture\/\" class=\"_self pt-cv-href-thumbnail pt-cv-thumb-default cvplbd\" target=\"_self\" ><\/a>\n<h4 class=\"pt-cv-title post-category-rponses-de-la-commission-europenne\"><a href=\"https:\/\/aac-europe.org\/fr\/publication\/reponse-de-la-commission-europeenne-a-la-recommandation-du-cca-sur-les-statistiques-europeennes-de-la-peche-et-de-l-aquaculture\/\" class=\"_self cvplbd\" target=\"_self\" >R\u00e9ponse de la Commission europ\u00e9enne \u00e0 la Recommandation du CCA sur les statistiques europ\u00e9ennes de la p\u00eache et de l\u2019aquaculture<\/a><\/h4>\n<div class=\"pt-cv-meta-fields\"><span class=\"entry-date\"> <time datetime=\"2026-02-23T10:06:25+00:00\">f\u00e9vrier, 2026<\/time><\/span><span> \/ <\/span><span class=\"terms\"> R\u00e9ponses de la Commission europ\u00e9enne<\/span><\/div><\/div><\/div>\n<div class=\"col-md-6 col-sm-6 col-xs-12 pt-cv-content-item pt-cv-1-col\"  data-pid=\"15815\"><div class='pt-cv-ifield'><a href=\"https:\/\/aac-europe.org\/fr\/publication\/reponse-de-la-commission-europeenne-a-la-recommandation-du-cca-sur-lelevage-de-lesturgeon-et-la-cites\/\" class=\"_self pt-cv-href-thumbnail pt-cv-thumb-default cvplbd\" target=\"_self\" ><\/a>\n<h4 class=\"pt-cv-title post-category-rponses-de-la-commission-europenne\"><a href=\"https:\/\/aac-europe.org\/fr\/publication\/reponse-de-la-commission-europeenne-a-la-recommandation-du-cca-sur-lelevage-de-lesturgeon-et-la-cites\/\" class=\"_self cvplbd\" target=\"_self\" >R\u00e9ponse de la Commission europ\u00e9enne \u00e0 la Recommandation du CCA sur l\u2019\u00e9levage de l\u2019esturgeon et la CITES<\/a><\/h4>\n<div class=\"pt-cv-meta-fields\"><span class=\"entry-date\"> <time datetime=\"2026-02-16T11:27:54+00:00\">f\u00e9vrier, 2026<\/time><\/span><span> \/ <\/span><span class=\"terms\"> R\u00e9ponses de la Commission europ\u00e9enne<\/span><\/div><\/div><\/div>\n<div class=\"col-md-6 col-sm-6 col-xs-12 pt-cv-content-item pt-cv-1-col\"  data-pid=\"15812\"><div class='pt-cv-ifield'><a href=\"https:\/\/aac-europe.org\/fr\/publication\/reponse-de-la-commission-europeenne-a-la-recommandation-du-cca-concernant-la-situation-durgence-relative-au-crabe-bleu-en-italie\/\" class=\"_self pt-cv-href-thumbnail pt-cv-thumb-default cvplbd\" target=\"_self\" ><\/a>\n<h4 class=\"pt-cv-title post-category-rponses-de-la-commission-europenne\"><a href=\"https:\/\/aac-europe.org\/fr\/publication\/reponse-de-la-commission-europeenne-a-la-recommandation-du-cca-concernant-la-situation-durgence-relative-au-crabe-bleu-en-italie\/\" class=\"_self cvplbd\" target=\"_self\" >R\u00e9ponse de la Commission europ\u00e9enne \u00e0 la Recommandation du CCA concernant la situation d\u2019urgence relative au crabe bleu en Italie<\/a><\/h4>\n<div class=\"pt-cv-meta-fields\"><span class=\"entry-date\"> <time datetime=\"2026-02-16T11:22:55+00:00\">f\u00e9vrier, 2026<\/time><\/span><span> \/ <\/span><span class=\"terms\"> R\u00e9ponses de la Commission europ\u00e9enne<\/span><\/div><\/div><\/div>\n<div class=\"col-md-6 col-sm-6 col-xs-12 pt-cv-content-item pt-cv-1-col\"  data-pid=\"15798\"><div class='pt-cv-ifield'><a href=\"https:\/\/aac-europe.org\/fr\/publication\/reponse-de-la-commission-europeenne-a-la-recommandation-du-cca-sur-le-variant-delete-dans-la-rhp-du-virus-de-l-anemie-infectieuse-du-saumon\/\" class=\"_self pt-cv-href-thumbnail pt-cv-thumb-default cvplbd\" target=\"_self\" ><\/a>\n<h4 class=\"pt-cv-title post-category-rponses-de-la-commission-europenne\"><a href=\"https:\/\/aac-europe.org\/fr\/publication\/reponse-de-la-commission-europeenne-a-la-recommandation-du-cca-sur-le-variant-delete-dans-la-rhp-du-virus-de-l-anemie-infectieuse-du-saumon\/\" class=\"_self cvplbd\" target=\"_self\" >R\u00e9ponse de la Commission europ\u00e9enne \u00e0 la Recommandation du CCA sur le variant d\u00e9l\u00e9t\u00e9 dans la RHP du virus de l\u2019an\u00e9mie infectieuse du saumon<\/a><\/h4>\n<div class=\"pt-cv-meta-fields\"><span class=\"entry-date\"> <time datetime=\"2026-02-04T09:44:37+00:00\">f\u00e9vrier, 2026<\/time><\/span><span> \/ <\/span><span class=\"terms\"> R\u00e9ponses de la Commission europ\u00e9enne<\/span><\/div><\/div><\/div>\n<div class=\"col-md-6 col-sm-6 col-xs-12 pt-cv-content-item pt-cv-1-col\"  data-pid=\"15780\"><div class='pt-cv-ifield'><a href=\"https:\/\/aac-europe.org\/fr\/publication\/reponse-de-la-commission-europeenne-a-la-lettre-du-cca-concernant-sa-reponse-a-la-recommandation-sur-le-bien-etre-des-mollusques\/\" class=\"_self pt-cv-href-thumbnail pt-cv-thumb-default cvplbd\" target=\"_self\" ><\/a>\n<h4 class=\"pt-cv-title post-category-rponses-de-la-commission-europenne\"><a href=\"https:\/\/aac-europe.org\/fr\/publication\/reponse-de-la-commission-europeenne-a-la-lettre-du-cca-concernant-sa-reponse-a-la-recommandation-sur-le-bien-etre-des-mollusques\/\" class=\"_self cvplbd\" target=\"_self\" >R\u00e9ponse de la Commission europ\u00e9enne \u00e0 la lettre du CCA concernant sa r\u00e9ponse \u00e0 la recommandation sur le bien-\u00eatre des mollusques<\/a><\/h4>\n<div class=\"pt-cv-meta-fields\"><span class=\"entry-date\"> <time datetime=\"2026-01-19T13:31:59+00:00\">janvier, 2026<\/time><\/span><span> \/ <\/span><span class=\"terms\"> R\u00e9ponses de la Commission europ\u00e9enne<\/span><\/div><\/div><\/div>\n<div class=\"col-md-6 col-sm-6 col-xs-12 pt-cv-content-item pt-cv-1-col\"  data-pid=\"15772\"><div class='pt-cv-ifield'><a href=\"https:\/\/aac-europe.org\/fr\/publication\/reponse-de-la-commission-europeenne-a-la-recommandation-du-cca-sur-l-utilisation-des-donnees-satellitaires-pour-l-aquaculture\/\" class=\"_self pt-cv-href-thumbnail pt-cv-thumb-default cvplbd\" target=\"_self\" ><\/a>\n<h4 class=\"pt-cv-title post-category-rponses-de-la-commission-europenne\"><a href=\"https:\/\/aac-europe.org\/fr\/publication\/reponse-de-la-commission-europeenne-a-la-recommandation-du-cca-sur-l-utilisation-des-donnees-satellitaires-pour-l-aquaculture\/\" class=\"_self cvplbd\" target=\"_self\" >R\u00e9ponse de la Commission europ\u00e9enne \u00e0 la Recommandation du CCA sur l\u2019utilisation des donn\u00e9es satellitaires pour l\u2019aquaculture<\/a><\/h4>\n<div class=\"pt-cv-meta-fields\"><span class=\"entry-date\"> <time datetime=\"2026-01-19T13:09:57+00:00\">janvier, 2026<\/time><\/span><span> \/ <\/span><span class=\"terms\"> R\u00e9ponses de la Commission europ\u00e9enne<\/span><\/div><\/div><\/div>\n<div class=\"col-md-6 col-sm-6 col-xs-12 pt-cv-content-item pt-cv-1-col\"  data-pid=\"15703\"><div class='pt-cv-ifield'><a href=\"https:\/\/aac-europe.org\/fr\/publication\/reponse-de-la-commission-europeenne-a-la-recommandation-du-cca-sur-la-diffusion-la-communication-et-lexploitation-de-la-recherche-et-de-linnovation-dans-le-domaine-de-laquaculture-europeenne\/\" class=\"_self pt-cv-href-thumbnail pt-cv-thumb-default cvplbd\" target=\"_self\" ><\/a>\n<h4 class=\"pt-cv-title post-category-rponses-de-la-commission-europenne\"><a href=\"https:\/\/aac-europe.org\/fr\/publication\/reponse-de-la-commission-europeenne-a-la-recommandation-du-cca-sur-la-diffusion-la-communication-et-lexploitation-de-la-recherche-et-de-linnovation-dans-le-domaine-de-laquaculture-europeenne\/\" class=\"_self cvplbd\" target=\"_self\" >R\u00e9ponse de la Commission europ\u00e9enne \u00e0 la Recommandation du CCA sur la diffusion, la communication et l\u2019exploitation de la recherche et de l\u2019innovation dans le domaine de l\u2019aquaculture europ\u00e9enne<\/a><\/h4>\n<div class=\"pt-cv-meta-fields\"><span class=\"entry-date\"> <time datetime=\"2025-12-18T16:19:09+00:00\">d\u00e9cembre, 2025<\/time><\/span><span> \/ <\/span><span class=\"terms\"> R\u00e9ponses de la Commission europ\u00e9enne<\/span><\/div><\/div><\/div>\n<div class=\"col-md-6 col-sm-6 col-xs-12 pt-cv-content-item pt-cv-1-col\"  data-pid=\"15700\"><div class='pt-cv-ifield'><a href=\"https:\/\/aac-europe.org\/fr\/publication\/reponse-de-la-commission-europeenne-a-la-recommandation-du-cca-concernant-limpact-preoccupant-du-changement-climatique-sur-la-production-de-moules-dans-lue\/\" class=\"_self pt-cv-href-thumbnail pt-cv-thumb-default cvplbd\" target=\"_self\" ><\/a>\n<h4 class=\"pt-cv-title post-category-rponses-de-la-commission-europenne\"><a href=\"https:\/\/aac-europe.org\/fr\/publication\/reponse-de-la-commission-europeenne-a-la-recommandation-du-cca-concernant-limpact-preoccupant-du-changement-climatique-sur-la-production-de-moules-dans-lue\/\" class=\"_self cvplbd\" target=\"_self\" >R\u00e9ponse de la Commission europ\u00e9enne \u00e0 la Recommandation du CCA concernant l\u2019impact pr\u00e9occupant du changement climatique sur la production de moules dans l\u2019UE<\/a><\/h4>\n<div class=\"pt-cv-meta-fields\"><span class=\"entry-date\"> <time datetime=\"2025-12-18T16:15:19+00:00\">d\u00e9cembre, 2025<\/time><\/span><span> \/ <\/span><span class=\"terms\"> R\u00e9ponses de la Commission europ\u00e9enne<\/span><\/div><\/div><\/div>\n<div class=\"col-md-6 col-sm-6 col-xs-12 pt-cv-content-item pt-cv-1-col\"  data-pid=\"15697\"><div class='pt-cv-ifield'><a href=\"https:\/\/aac-europe.org\/fr\/publication\/reponse-de-la-commission-europeenne-a-la-recommandation-du-cca-sur-la-mise-en-place-de-nouveaux-instruments-financiers-europeens-pour-soutenir-les-bonnes-pratiques-delevage-dans-le-secteur-conchylicol\/\" class=\"_self pt-cv-href-thumbnail pt-cv-thumb-default cvplbd\" target=\"_self\" ><\/a>\n<h4 class=\"pt-cv-title post-category-rponses-de-la-commission-europenne\"><a href=\"https:\/\/aac-europe.org\/fr\/publication\/reponse-de-la-commission-europeenne-a-la-recommandation-du-cca-sur-la-mise-en-place-de-nouveaux-instruments-financiers-europeens-pour-soutenir-les-bonnes-pratiques-delevage-dans-le-secteur-conchylicol\/\" class=\"_self cvplbd\" target=\"_self\" >R\u00e9ponse de la Commission europ\u00e9enne \u00e0 la Recommandation du CCA sur la mise en place de nouveaux instruments financiers europ\u00e9ens pour soutenir les bonnes pratiques d\u2019\u00e9levage dans le secteur conchylicole<\/a><\/h4>\n<div class=\"pt-cv-meta-fields\"><span class=\"entry-date\"> <time datetime=\"2025-12-18T16:08:19+00:00\">d\u00e9cembre, 2025<\/time><\/span><span> \/ <\/span><span class=\"terms\"> R\u00e9ponses de la Commission europ\u00e9enne<\/span><\/div><\/div><\/div><\/div><\/div>\n<div class=\"text-left pt-cv-pagination-wrapper\"><ul class=\"pt-cv-pagination pt-cv-ajax pagination\" data-totalpages=\"6\" data-currentpage=\"1\" data-sid=\"f4a59e56bf\" data-unid=\"\" data-isblock=\"\" data-postid=\"\"><li class=\"active\"><a href=\"#\">1<\/a><\/li>\n\t<li ><a class=\"\" href=\"https:\/\/aac-europe.org\/fr\/wp-json\/wp\/v2\/pages\/12072\/?_page=2\">2<\/a><\/li>\n\t<li ><a class=\"\" href=\"https:\/\/aac-europe.org\/fr\/wp-json\/wp\/v2\/pages\/12072\/?_page=3\">3<\/a><\/li>\n\t<li ><a href=\"#\">\u2026<\/a><\/li>\n\t<li ><a class=\"\" href=\"https:\/\/aac-europe.org\/fr\/wp-json\/wp\/v2\/pages\/12072\/?_page=6\">6<\/a><\/li>\n\t<li ><a class=\" \" href=\"https:\/\/aac-europe.org\/fr\/wp-json\/wp\/v2\/pages\/12072\/?_page=2\">&rsaquo;<\/a><\/li>\n\t<\/ul><img width=\"15\" height=\"15\" class=\"pt-cv-spinner\" alt=\"Loading...\" src=\"data:image\/gif;base64,R0lGODlhDwAPALMPAMrKygwMDJOTkz09PZWVla+vr3p6euTk5M7OzuXl5TMzMwAAAJmZmWZmZszMzP\/\/\/yH\/C05FVFNDQVBFMi4wAwEAAAAh+QQFCgAPACwAAAAADwAPAAAEQvDJaZaZOIcV8iQK8VRX4iTYoAwZ4iCYoAjZ4RxejhVNoT+mRGP4cyF4Pp0N98sBGIBMEMOotl6YZ3S61Bmbkm4mAgAh+QQFCgAPACwAAAAADQANAAAENPDJSRSZeA418itN8QiK8BiLITVsFiyBBIoYqnoewAD4xPw9iY4XLGYSjkQR4UAUD45DLwIAIfkEBQoADwAsAAAAAA8ACQAABC\/wyVlamTi3nSdgwFNdhEJgTJoNyoB9ISYoQmdjiZPcj7EYCAeCF1gEDo4Dz2eIAAAh+QQFCgAPACwCAAAADQANAAAEM\/DJBxiYeLKdX3IJZT1FU0iIg2RNKx3OkZVnZ98ToRD4MyiDnkAh6BkNC0MvsAj0kMpHBAAh+QQFCgAPACwGAAAACQAPAAAEMDC59KpFDll73HkAA2wVY5KgiK5b0RRoI6MuzG6EQqCDMlSGheEhUAgqgUUAFRySIgAh+QQFCgAPACwCAAIADQANAAAEM\/DJKZNLND\/kkKaHc3xk+QAMYDKsiaqmZCxGVjSFFCxB1vwy2oOgIDxuucxAMTAJFAJNBAAh+QQFCgAPACwAAAYADwAJAAAEMNAs86q1yaWwwv2Ig0jUZx3OYa4XoRAfwADXoAwfo1+CIjyFRuEho60aSNYlOPxEAAAh+QQFCgAPACwAAAIADQANAAAENPA9s4y8+IUVcqaWJ4qEQozSoAzoIyhCK2NFU2SJk0hNnyEOhKR2AzAAj4Pj4GE4W0bkJQIAOw==\" \/><div class=\"clear pt-cv-clear-pagination\"><\/div><\/div><\/div>\t\t\t<style type=\"text\/css\" id=\"pt-cv-inline-style-d310af1o97\">#pt-cv-view-f4a59e56bf .pt-cv-title a, #pt-cv-view-f4a59e56bf  .panel-title { font-weight: 600 !important; }\n#pt-cv-view-f4a59e56bf .pt-cv-carousel-caption  { background-color: rgba(51,51,51,.6) !important; }\n#pt-cv-view-f4a59e56bf .pt-cv-specialp { background-color: #CC3333 !important }\n#pt-cv-view-f4a59e56bf .pt-cv-specialp * { color: #fff !important; }\n#pt-cv-view-f4a59e56bf .pt-cv-pficon  { color: #bbb !important; }\n#pt-cv-view-f4a59e56bf .pt-cv-readmore  { color: #ffffff !important; background-color: #10a1a0 !important; }\n#pt-cv-view-f4a59e56bf .pt-cv-readmore:hover  { color: #ffffff !important; background-color: #10a1a0 !important; }\n#pt-cv-view-f4a59e56bf  + .pt-cv-pagination-wrapper .pt-cv-more , #pt-cv-view-f4a59e56bf  + .pt-cv-pagination-wrapper .pagination .active a, .pt-cv-pagination[data-sid='f4a59e56bf'] .active a { color: #ffffff !important; background-color: #10a1a0 !important; }<\/style>\r\n\t\t\t\n","protected":false},"excerpt":{"rendered":"Mots-cl\u00e9sCategoryAllR\u00e9ponses de la Commission europ\u00e9enne (53) R\u00e9ponse de la Commission europ\u00e9enne \u00e0 la Recommandation du CCA sur le rapport d\u2019\u00e9valuation \u00e0 mi-parcours des orientations strat\u00e9giques et des plans strat\u00e9giques pluriannuels [...]","protected":false},"author":1,"featured_media":0,"parent":12066,"menu_order":2,"comment_status":"closed","ping_status":"closed","template":"","meta":[],"acf":[],"_links":{"self":[{"href":"https:\/\/aac-europe.org\/fr\/wp-json\/wp\/v2\/pages\/12072"}],"collection":[{"href":"https:\/\/aac-europe.org\/fr\/wp-json\/wp\/v2\/pages"}],"about":[{"href":"https:\/\/aac-europe.org\/fr\/wp-json\/wp\/v2\/types\/page"}],"author":[{"embeddable":true,"href":"https:\/\/aac-europe.org\/fr\/wp-json\/wp\/v2\/users\/1"}],"replies":[{"embeddable":true,"href":"https:\/\/aac-europe.org\/fr\/wp-json\/wp\/v2\/comments?post=12072"}],"version-history":[{"count":4,"href":"https:\/\/aac-europe.org\/fr\/wp-json\/wp\/v2\/pages\/12072\/revisions"}],"predecessor-version":[{"id":12586,"href":"https:\/\/aac-europe.org\/fr\/wp-json\/wp\/v2\/pages\/12072\/revisions\/12586"}],"up":[{"embeddable":true,"href":"https:\/\/aac-europe.org\/fr\/wp-json\/wp\/v2\/pages\/12066"}],"wp:attachment":[{"href":"https:\/\/aac-europe.org\/fr\/wp-json\/wp\/v2\/media?parent=12072"}],"curies":[{"name":"wp","href":"https:\/\/api.w.org\/{rel}","templated":true}]}}