{"id":12074,"date":"2023-01-21T13:45:48","date_gmt":"2023-01-21T13:45:48","guid":{"rendered":"http:\/\/aac-europe.org\/recommendations\/correspondence\/"},"modified":"2023-02-14T09:07:17","modified_gmt":"2023-02-14T09:07:17","slug":"correspondence","status":"publish","type":"page","link":"https:\/\/aac-europe.org\/fr\/recommandations\/correspondence\/","title":{"rendered":"Correspondance\u00a0"},"content":{"rendered":"<div class=\"pt-cv-wrapper\"><div class=\"cvp-live-filter cvp-search-box \" id=\"\" data-name=\"_search\" data-sid=\"b9aab02pr4\"><label for='sf_1111' class=\"cvp-label\">Mots-cl\u00e9s<\/label><input type=\"text\" id=\"sf_1111\" name=\"_search\" value=\"\" data-nosubmit=\"true\" placeholder=\"\"\/><\/div><div class=\"cvp-live-filter cvp-dropdown \" id=\"\" data-name=\"tx_category\" data-sid=\"b9aab02pr4\"><label class=\"cvp-label\">Category<\/label><select name=\"tx_category\"><option value=\"\">All<\/option><option value=\"recommandations-correspondances\" >Correspondances<span class=\"cvp-count\"> (18)<\/span><\/option><\/select><\/div><div class=\"pt-cv-view pt-cv-grid pt-cv-colsys pt-cv-same-height pt-cv-pgregular cvp-lfres\" id=\"pt-cv-view-b9aab02pr4\"><div data-id=\"pt-cv-page-1\" class=\"pt-cv-page\" data-cvc=\"2\" data-cvct=\"2\" data-cvcm=\"1\"><div class=\"col-md-6 col-sm-6 col-xs-12 pt-cv-content-item pt-cv-1-col\"  data-pid=\"15882\"><div class='pt-cv-ifield'><a href=\"https:\/\/aac-europe.org\/fr\/publication\/lettre-du-cca-a-m-costas-kadis-concernant-la-prise-en-compte-de-laquaculture-en-eaux-interieures-et-du-bien-etre-animal-dans-le-pacte-pour-les-oceans-et-au-sein-du-conseil-des-oceans\/\" class=\"_self pt-cv-href-thumbnail pt-cv-thumb-default cvplbd\" target=\"_self\" ><\/a>\n<h4 class=\"pt-cv-title post-category-correspondances\"><a href=\"https:\/\/aac-europe.org\/fr\/publication\/lettre-du-cca-a-m-costas-kadis-concernant-la-prise-en-compte-de-laquaculture-en-eaux-interieures-et-du-bien-etre-animal-dans-le-pacte-pour-les-oceans-et-au-sein-du-conseil-des-oceans\/\" class=\"_self cvplbd\" target=\"_self\" >Lettre du CCA \u00e0 M. Costas Kadis concernant la prise en compte de l&rsquo;aquaculture en eaux int\u00e9rieures et du bien-\u00eatre animal dans le Pacte pour les oc\u00e9ans et au sein du Conseil des oc\u00e9ans<\/a><\/h4>\n<div class=\"pt-cv-meta-fields\"><span class=\"entry-date\"> <time datetime=\"2026-03-17T15:21:50+00:00\">mars, 2026<\/time><\/span><span> \/ <\/span><span class=\"terms\"> Correspondances<\/span><\/div><\/div><\/div>\n<div class=\"col-md-6 col-sm-6 col-xs-12 pt-cv-content-item pt-cv-1-col\"  data-pid=\"15880\"><div class='pt-cv-ifield'><a href=\"https:\/\/aac-europe.org\/fr\/publication\/lettre-inter-cc-adressee-a-m-costas-kadis-concernant-le-conseil-europeen-des-oceans\/\" class=\"_self pt-cv-href-thumbnail pt-cv-thumb-default cvplbd\" target=\"_self\" ><\/a>\n<h4 class=\"pt-cv-title post-category-correspondances\"><a href=\"https:\/\/aac-europe.org\/fr\/publication\/lettre-inter-cc-adressee-a-m-costas-kadis-concernant-le-conseil-europeen-des-oceans\/\" class=\"_self cvplbd\" target=\"_self\" >Lettre Inter-CC adress\u00e9e \u00e0 M. Costas Kadis concernant le Conseil europ\u00e9en des oc\u00e9ans<\/a><\/h4>\n<div class=\"pt-cv-meta-fields\"><span class=\"entry-date\"> <time datetime=\"2026-03-17T15:19:06+00:00\">mars, 2026<\/time><\/span><span> \/ <\/span><span class=\"terms\"> Correspondances<\/span><\/div><\/div><\/div>\n<div class=\"col-md-6 col-sm-6 col-xs-12 pt-cv-content-item pt-cv-1-col\"  data-pid=\"15823\"><div class='pt-cv-ifield'><a href=\"https:\/\/aac-europe.org\/fr\/publication\/note-dinformation-du-cca-sur-les-defis-auxquels-est-confronte-le-secteur-des-mollusques-bivalves-et-les-moyens-dy-faire-face\/\" class=\"_self pt-cv-href-thumbnail pt-cv-thumb-default cvplbd\" target=\"_self\" ><\/a>\n<h4 class=\"pt-cv-title post-category-correspondances\"><a href=\"https:\/\/aac-europe.org\/fr\/publication\/note-dinformation-du-cca-sur-les-defis-auxquels-est-confronte-le-secteur-des-mollusques-bivalves-et-les-moyens-dy-faire-face\/\" class=\"_self cvplbd\" target=\"_self\" >Note d&rsquo;information du CCA sur les d\u00e9fis auxquels est confront\u00e9 le secteur des mollusques bivalves et les moyens d&rsquo;y faire face<\/a><\/h4>\n<div class=\"pt-cv-meta-fields\"><span class=\"entry-date\"> <time datetime=\"2026-02-24T10:16:02+00:00\">f\u00e9vrier, 2026<\/time><\/span><span> \/ <\/span><span class=\"terms\"> bivalve, changement climatique, Correspondances, eau, \u00e9levage, mollusque, moules<\/span><\/div><\/div><\/div>\n<div class=\"col-md-6 col-sm-6 col-xs-12 pt-cv-content-item pt-cv-1-col\"  data-pid=\"15777\"><div class='pt-cv-ifield'><a href=\"https:\/\/aac-europe.org\/fr\/publication\/lettre-du-cca-concernant-la-reponse-de-la-ce-a-la-recommandation-sur-le-bien-etre-des-mollusques\/\" class=\"_self pt-cv-href-thumbnail pt-cv-thumb-default cvplbd\" target=\"_self\" ><\/a>\n<h4 class=\"pt-cv-title post-category-correspondances\"><a href=\"https:\/\/aac-europe.org\/fr\/publication\/lettre-du-cca-concernant-la-reponse-de-la-ce-a-la-recommandation-sur-le-bien-etre-des-mollusques\/\" class=\"_self cvplbd\" target=\"_self\" >Lettre du CCA concernant la r\u00e9ponse de la CE \u00e0 la recommandation sur le bien-\u00eatre des mollusques<\/a><\/h4>\n<div class=\"pt-cv-meta-fields\"><span class=\"entry-date\"> <time datetime=\"2026-01-19T13:22:14+00:00\">janvier, 2026<\/time><\/span><span> \/ <\/span><span class=\"terms\"> bien-\u00eatre, bien-\u00eatre des mollusques, bivalves, conscience, Correspondances<\/span><\/div><\/div><\/div>\n<div class=\"col-md-6 col-sm-6 col-xs-12 pt-cv-content-item pt-cv-1-col\"  data-pid=\"15430\"><div class='pt-cv-ifield'><a href=\"https:\/\/aac-europe.org\/fr\/publication\/avis-inter-cc-sur-l-amelioration-du-role-et-le-fonctionnement-des-conseils-consultatifs-de-l-ue-recommandations-pour-eclairer-l-evaluation-de-la-politique-commune-de-la-peche\/\" class=\"_self pt-cv-href-thumbnail pt-cv-thumb-default cvplbd\" target=\"_self\" ><\/a>\n<h4 class=\"pt-cv-title post-category-correspondances\"><a href=\"https:\/\/aac-europe.org\/fr\/publication\/avis-inter-cc-sur-l-amelioration-du-role-et-le-fonctionnement-des-conseils-consultatifs-de-l-ue-recommandations-pour-eclairer-l-evaluation-de-la-politique-commune-de-la-peche\/\" class=\"_self cvplbd\" target=\"_self\" >Avis Inter-CC sur l&rsquo;am\u00e9lioration du r\u00f4le et le fonctionnement des conseils consultatifs de l\u2019UE :  Recommandations pour \u00e9clairer l&rsquo;\u00e9valuation de la politique commune de la p\u00eache<\/a><\/h4>\n<div class=\"pt-cv-meta-fields\"><span class=\"entry-date\"> <time datetime=\"2025-09-02T14:39:21+00:00\">septembre, 2025<\/time><\/span><span> \/ <\/span><span class=\"terms\"> conseils consultatifs, Correspondances, DG MARE, inter-cc, Politique commune de la p\u00eache<\/span><\/div><\/div><\/div>\n<div class=\"col-md-6 col-sm-6 col-xs-12 pt-cv-content-item pt-cv-1-col\"  data-pid=\"15394\"><div class='pt-cv-ifield'><a href=\"https:\/\/aac-europe.org\/fr\/publication\/deuxieme-note-d-information-du-cca-a-la-dg-mare-sur-le-document-d-orientation-sur-la-performance-environnementale-2\/\" class=\"_self pt-cv-href-thumbnail pt-cv-thumb-default cvplbd\" target=\"_self\" ><\/a>\n<h4 class=\"pt-cv-title post-category-correspondances\"><a href=\"https:\/\/aac-europe.org\/fr\/publication\/deuxieme-note-d-information-du-cca-a-la-dg-mare-sur-le-document-d-orientation-sur-la-performance-environnementale-2\/\" class=\"_self cvplbd\" target=\"_self\" >Deuxi\u00e8me note d&rsquo;information du CCA \u00e0 la DG MARE sur le document d&rsquo;orientation sur la performance environnementale<\/a><\/h4>\n<div class=\"pt-cv-meta-fields\"><span class=\"entry-date\"> <time datetime=\"2025-07-31T13:55:43+00:00\">juillet, 2025<\/time><\/span><span> \/ <\/span><span class=\"terms\"> Aquaculture, Correspondances, document d'orientation, note d'information, orientations strat\u00e9giques, performance environnementale<\/span><\/div><\/div><\/div>\n<div class=\"col-md-6 col-sm-6 col-xs-12 pt-cv-content-item pt-cv-1-col\"  data-pid=\"15339\"><div class='pt-cv-ifield'><a href=\"https:\/\/aac-europe.org\/fr\/publication\/lettre-inter-cc-a-m-costas-kadis-sur-le-cadre-financier-pluriannuel\/\" class=\"_self pt-cv-href-thumbnail pt-cv-thumb-default cvplbd\" target=\"_self\" ><\/a>\n<h4 class=\"pt-cv-title post-category-correspondances\"><a href=\"https:\/\/aac-europe.org\/fr\/publication\/lettre-inter-cc-a-m-costas-kadis-sur-le-cadre-financier-pluriannuel\/\" class=\"_self cvplbd\" target=\"_self\" >Lettre inter-CC \u00e0 M. Costas Kadis sur le cadre financier pluriannuel<\/a><\/h4>\n<div class=\"pt-cv-meta-fields\"><span class=\"entry-date\"> <time datetime=\"2025-07-15T09:42:59+00:00\">juillet, 2025<\/time><\/span><span> \/ <\/span><span class=\"terms\"> cadre financier pluriannuel, commissaire, Correspondances, inter-AC, inter-cc<\/span><\/div><\/div><\/div>\n<div class=\"col-md-6 col-sm-6 col-xs-12 pt-cv-content-item pt-cv-1-col\"  data-pid=\"15246\"><div class='pt-cv-ifield'><a href=\"https:\/\/aac-europe.org\/fr\/publication\/lettre-du-cca-concernant-les-retards-des-mandats-de-l-efsa-sur-les-poissons-d-elevage-et-les-invertebres-ainsi-que-la-revision-du-bien-etre-animal\/\" class=\"_self pt-cv-href-thumbnail pt-cv-thumb-default cvplbd\" target=\"_self\" ><\/a>\n<h4 class=\"pt-cv-title post-category-correspondances\"><a href=\"https:\/\/aac-europe.org\/fr\/publication\/lettre-du-cca-concernant-les-retards-des-mandats-de-l-efsa-sur-les-poissons-d-elevage-et-les-invertebres-ainsi-que-la-revision-du-bien-etre-animal\/\" class=\"_self cvplbd\" target=\"_self\" >Lettre du CCA concernant les retards des mandats de l\u2019EFSA sur les poissons d\u2019\u00e9levage et les invert\u00e9br\u00e9s, ainsi que la r\u00e9vision du bien-\u00eatre animal<\/a><\/h4>\n<div class=\"pt-cv-meta-fields\"><span class=\"entry-date\"> <time datetime=\"2025-05-26T09:57:16+00:00\">mai, 2025<\/time><\/span><span> \/ <\/span><span class=\"terms\"> animal welfare, Correspondances, EFSA, invert\u00e9br\u00e9s, Letter, poisson<\/span><\/div><\/div><\/div>\n<div class=\"col-md-6 col-sm-6 col-xs-12 pt-cv-content-item pt-cv-1-col\"  data-pid=\"14999\"><div class='pt-cv-ifield'><a href=\"https:\/\/aac-europe.org\/fr\/publication\/deuxieme-note-d-information-du-cca-a-la-dg-mare-sur-le-document-d-orientation-sur-la-performance-environnementale\/\" class=\"_self pt-cv-href-thumbnail pt-cv-thumb-default cvplbd\" target=\"_self\" ><\/a>\n<h4 class=\"pt-cv-title post-category-correspondances\"><a href=\"https:\/\/aac-europe.org\/fr\/publication\/deuxieme-note-d-information-du-cca-a-la-dg-mare-sur-le-document-d-orientation-sur-la-performance-environnementale\/\" class=\"_self cvplbd\" target=\"_self\" >Note d&rsquo;information du CCA \u00e0 la DG MARE sur le document d&rsquo;orientation sur la performance environnementale<\/a><\/h4>\n<div class=\"pt-cv-meta-fields\"><span class=\"entry-date\"> <time datetime=\"2025-01-08T09:37:13+00:00\">janvier, 2025<\/time><\/span><span> \/ <\/span><span class=\"terms\"> Aquaculture, Correspondances, document d'orientation, note d'information, orientations strat\u00e9giques, performance environnementale<\/span><\/div><\/div><\/div>\n<div class=\"col-md-6 col-sm-6 col-xs-12 pt-cv-content-item pt-cv-1-col\"  data-pid=\"14940\"><div class='pt-cv-ifield'><a href=\"https:\/\/aac-europe.org\/fr\/publication\/lettre-inter-cc-a-m-costas-kadis-sur-son-approbation-parlementaire-en-tant-que-commissaire-a-la-peche-et-aux-oceans\/\" class=\"_self pt-cv-href-thumbnail pt-cv-thumb-default cvplbd\" target=\"_self\" ><\/a>\n<h4 class=\"pt-cv-title post-category-correspondances\"><a href=\"https:\/\/aac-europe.org\/fr\/publication\/lettre-inter-cc-a-m-costas-kadis-sur-son-approbation-parlementaire-en-tant-que-commissaire-a-la-peche-et-aux-oceans\/\" class=\"_self cvplbd\" target=\"_self\" >Lettre inter-CC \u00e0 M. Costas Kadis sur son approbation parlementaire en tant que Commissaire charg\u00e9 de la p\u00eache et des oc\u00e9ans<\/a><\/h4>\n<div class=\"pt-cv-meta-fields\"><span class=\"entry-date\"> <time datetime=\"2024-11-26T13:29:06+00:00\">novembre, 2024<\/time><\/span><span> \/ <\/span><span class=\"terms\"> aquaculture, commissaire, conseils consultatifs, Correspondances, inter-cc, Lettre<\/span><\/div><\/div><\/div><\/div><\/div>\n<div class=\"text-left pt-cv-pagination-wrapper\"><ul class=\"pt-cv-pagination pt-cv-ajax pagination\" data-totalpages=\"2\" data-currentpage=\"1\" data-sid=\"b9aab02pr4\" data-unid=\"\" data-isblock=\"\" data-postid=\"\"><li class=\"active\"><a href=\"#\">1<\/a><\/li>\n\t<li ><a class=\"\" href=\"https:\/\/aac-europe.org\/fr\/wp-json\/wp\/v2\/pages\/12074\/?_page=2\">2<\/a><\/li>\n\t<li ><a class=\" \" href=\"https:\/\/aac-europe.org\/fr\/wp-json\/wp\/v2\/pages\/12074\/?_page=2\">&rsaquo;<\/a><\/li>\n\t<\/ul><img width=\"15\" height=\"15\" class=\"pt-cv-spinner\" alt=\"Loading...\" src=\"data:image\/gif;base64,R0lGODlhDwAPALMPAMrKygwMDJOTkz09PZWVla+vr3p6euTk5M7OzuXl5TMzMwAAAJmZmWZmZszMzP\/\/\/yH\/C05FVFNDQVBFMi4wAwEAAAAh+QQFCgAPACwAAAAADwAPAAAEQvDJaZaZOIcV8iQK8VRX4iTYoAwZ4iCYoAjZ4RxejhVNoT+mRGP4cyF4Pp0N98sBGIBMEMOotl6YZ3S61Bmbkm4mAgAh+QQFCgAPACwAAAAADQANAAAENPDJSRSZeA418itN8QiK8BiLITVsFiyBBIoYqnoewAD4xPw9iY4XLGYSjkQR4UAUD45DLwIAIfkEBQoADwAsAAAAAA8ACQAABC\/wyVlamTi3nSdgwFNdhEJgTJoNyoB9ISYoQmdjiZPcj7EYCAeCF1gEDo4Dz2eIAAAh+QQFCgAPACwCAAAADQANAAAEM\/DJBxiYeLKdX3IJZT1FU0iIg2RNKx3OkZVnZ98ToRD4MyiDnkAh6BkNC0MvsAj0kMpHBAAh+QQFCgAPACwGAAAACQAPAAAEMDC59KpFDll73HkAA2wVY5KgiK5b0RRoI6MuzG6EQqCDMlSGheEhUAgqgUUAFRySIgAh+QQFCgAPACwCAAIADQANAAAEM\/DJKZNLND\/kkKaHc3xk+QAMYDKsiaqmZCxGVjSFFCxB1vwy2oOgIDxuucxAMTAJFAJNBAAh+QQFCgAPACwAAAYADwAJAAAEMNAs86q1yaWwwv2Ig0jUZx3OYa4XoRAfwADXoAwfo1+CIjyFRuEho60aSNYlOPxEAAAh+QQFCgAPACwAAAIADQANAAAENPA9s4y8+IUVcqaWJ4qEQozSoAzoIyhCK2NFU2SJk0hNnyEOhKR2AzAAj4Pj4GE4W0bkJQIAOw==\" \/><div class=\"clear pt-cv-clear-pagination\"><\/div><\/div><\/div>\t\t\t<style type=\"text\/css\" id=\"pt-cv-inline-style-b60fa5fpst\">#pt-cv-view-b9aab02pr4 .pt-cv-title a, #pt-cv-view-b9aab02pr4  .panel-title { font-weight: 600 !important; }\n#pt-cv-view-b9aab02pr4 .pt-cv-carousel-caption  { background-color: rgba(51,51,51,.6) !important; }\n#pt-cv-view-b9aab02pr4 .pt-cv-specialp { background-color: #CC3333 !important }\n#pt-cv-view-b9aab02pr4 .pt-cv-specialp * { color: #fff !important; }\n#pt-cv-view-b9aab02pr4 .pt-cv-pficon  { color: #bbb !important; }\n#pt-cv-view-b9aab02pr4 .pt-cv-readmore  { color: #ffffff !important; background-color: #10a1a0 !important; }\n#pt-cv-view-b9aab02pr4 .pt-cv-readmore:hover  { color: #ffffff !important; background-color: #10a1a0 !important; }\n#pt-cv-view-b9aab02pr4  + .pt-cv-pagination-wrapper .pt-cv-more , #pt-cv-view-b9aab02pr4  + .pt-cv-pagination-wrapper .pagination .active a, .pt-cv-pagination[data-sid='b9aab02pr4'] .active a { color: #ffffff !important; background-color: #10a1a0 !important; }<\/style>\r\n\t\t\t\n","protected":false},"excerpt":{"rendered":"Mots-cl\u00e9sCategoryAllCorrespondances (18) Lettre du CCA \u00e0 M. Costas Kadis concernant la prise en compte de l&rsquo;aquaculture en eaux int\u00e9rieures et du bien-\u00eatre animal dans le Pacte pour les oc\u00e9ans et [...]","protected":false},"author":1,"featured_media":0,"parent":12066,"menu_order":0,"comment_status":"closed","ping_status":"closed","template":"","meta":[],"acf":[],"_links":{"self":[{"href":"https:\/\/aac-europe.org\/fr\/wp-json\/wp\/v2\/pages\/12074"}],"collection":[{"href":"https:\/\/aac-europe.org\/fr\/wp-json\/wp\/v2\/pages"}],"about":[{"href":"https:\/\/aac-europe.org\/fr\/wp-json\/wp\/v2\/types\/page"}],"author":[{"embeddable":true,"href":"https:\/\/aac-europe.org\/fr\/wp-json\/wp\/v2\/users\/1"}],"replies":[{"embeddable":true,"href":"https:\/\/aac-europe.org\/fr\/wp-json\/wp\/v2\/comments?post=12074"}],"version-history":[{"count":2,"href":"https:\/\/aac-europe.org\/fr\/wp-json\/wp\/v2\/pages\/12074\/revisions"}],"predecessor-version":[{"id":13154,"href":"https:\/\/aac-europe.org\/fr\/wp-json\/wp\/v2\/pages\/12074\/revisions\/13154"}],"up":[{"embeddable":true,"href":"https:\/\/aac-europe.org\/fr\/wp-json\/wp\/v2\/pages\/12066"}],"wp:attachment":[{"href":"https:\/\/aac-europe.org\/fr\/wp-json\/wp\/v2\/media?parent=12074"}],"curies":[{"name":"wp","href":"https:\/\/api.w.org\/{rel}","templated":true}]}}