{"id":12283,"date":"2023-01-24T16:32:48","date_gmt":"2023-01-24T16:32:48","guid":{"rendered":"http:\/\/aac-europe.org\/contact\/"},"modified":"2023-07-11T14:29:43","modified_gmt":"2023-07-11T14:29:43","slug":"contact","status":"publish","type":"page","link":"https:\/\/aac-europe.org\/fr\/contact\/","title":{"rendered":"Contact"},"content":{"rendered":"<p>[vc_section][vc_row equal_height=\u00a0\u00bbyes\u00a0\u00bb][vc_column][vc_custom_heading text=\u00a0\u00bbSecr\u00e9tariat du Conseil Consultatif de l&rsquo;Aquaculture\u00a0\u00bb font_container=\u00a0\u00bbtag:h2|text_align:left|color:%23362647&Prime; use_theme_fonts=\u00a0\u00bbyes\u00a0\u00bb css=\u00a0\u00bb.vc_custom_1678802982783{margin-bottom: 30px !important;}\u00a0\u00bb][vc_column_text css=\u00a0\u00bb.vc_custom_1689085773284{margin-right: 30px !important;}\u00a0\u00bb]<!-- \/wp:heading --><\/p>\r\n<p><!-- wp:paragraph -->Les services de secr\u00e9tariat du CCA sont g\u00e9r\u00e9s par\u00a0<a href=\"http:\/\/www.alienoreu.com\/fr\/\" target=\"_blank\" rel=\"noopener\">Ali\u00e9nor<\/a> dont le bureau est situ\u00e9 \u00e0 Bruxelles \u00e0 l&rsquo;adresse suivante:<\/p>\r\n<p><strong>Rue Montoyer, 31 &#8211; 1000 Bruxelles (Belgique)<\/strong><\/p>\r\n<p><!-- wp:paragraph -->Le secr\u00e9tariat du CCA est compos\u00e9 par:<\/p>\r\n<!-- \/wp:paragraph -->\r\n<p>&nbsp;<\/p>\r\n<!-- wp:paragraph --><!-- \/wp:paragraph -->\r\n<p>&nbsp;<\/p>\r\n<p>[\/vc_column_text][\/vc_column][\/vc_row][vc_row equal_height=\u00a0\u00bbyes\u00a0\u00bb css=\u00a0\u00bb.vc_custom_1678187917890{margin-bottom: 20px !important;}\u00a0\u00bb][vc_column width=\u00a0\u00bb1\/4&Prime; css=\u00a0\u00bb.vc_custom_1678187158889{background-position: center !important;background-repeat: no-repeat !important;background-size: contain !important;}\u00a0\u00bb][\/vc_column][vc_column width=\u00a0\u00bb1\/4&Prime; css=\u00a0\u00bb.vc_custom_1678187666137{background-color: #dbdbdb !important;}\u00a0\u00bb offset=\u00a0\u00bbvc_col-lg-3 vc_col-md-3 vc_col-xs-12&Prime;][vc_column_text]<\/p>\r\n<p><img decoding=\"async\" loading=\"lazy\" class=\"aligncenter wp-image-13202\" src=\"http:\/\/aac-europe.org\/wp-content\/uploads\/2023\/03\/Cecile-Fouquet-1-300x300.jpg\" alt=\"\" width=\"180\" height=\"180\" srcset=\"https:\/\/aac-europe.org\/wp-content\/uploads\/2023\/03\/Cecile-Fouquet-1-300x300.jpg 300w, https:\/\/aac-europe.org\/wp-content\/uploads\/2023\/03\/Cecile-Fouquet-1-150x150.jpg 150w, https:\/\/aac-europe.org\/wp-content\/uploads\/2023\/03\/Cecile-Fouquet-1-90x90.jpg 90w, https:\/\/aac-europe.org\/wp-content\/uploads\/2023\/03\/Cecile-Fouquet-1-133x133.jpg 133w, https:\/\/aac-europe.org\/wp-content\/uploads\/2023\/03\/Cecile-Fouquet-1-235x235.jpg 235w, https:\/\/aac-europe.org\/wp-content\/uploads\/2023\/03\/Cecile-Fouquet-1-480x480.jpg 480w, https:\/\/aac-europe.org\/wp-content\/uploads\/2023\/03\/Cecile-Fouquet-1.jpg 500w\" sizes=\"(max-width: 180px) 100vw, 180px\" \/><\/p>\r\n<p>[\/vc_column_text][vc_custom_heading text=\u00a0\u00bbC\u00e9cile Fouquet\u00a0\u00bb font_container=\u00a0\u00bbtag:h4|text_align:center|color:%23362647&Prime; use_theme_fonts=\u00a0\u00bbyes\u00a0\u00bb][vc_column_text]<\/p>\r\n<p style=\"text-align: center;\">Secr\u00e9taire ex\u00e9cutive<\/p>\r\n<p>[\/vc_column_text][\/vc_column][vc_column width=\u00a0\u00bb1\/4&Prime; css=\u00a0\u00bb.vc_custom_1678187659196{background-color: #dbdbdb !important;}\u00a0\u00bb offset=\u00a0\u00bbvc_col-lg-3 vc_col-md-3 vc_col-xs-12&Prime;][vc_column_text]<\/p>\r\n<p><img decoding=\"async\" loading=\"lazy\" class=\"aligncenter wp-image-13203\" src=\"http:\/\/aac-europe.org\/wp-content\/uploads\/2023\/03\/Charlotte-Musquar-1-300x300.jpg\" alt=\"\" width=\"180\" height=\"180\" srcset=\"https:\/\/aac-europe.org\/wp-content\/uploads\/2023\/03\/Charlotte-Musquar-1-300x300.jpg 300w, https:\/\/aac-europe.org\/wp-content\/uploads\/2023\/03\/Charlotte-Musquar-1-150x150.jpg 150w, https:\/\/aac-europe.org\/wp-content\/uploads\/2023\/03\/Charlotte-Musquar-1-90x90.jpg 90w, https:\/\/aac-europe.org\/wp-content\/uploads\/2023\/03\/Charlotte-Musquar-1-133x133.jpg 133w, https:\/\/aac-europe.org\/wp-content\/uploads\/2023\/03\/Charlotte-Musquar-1-235x235.jpg 235w, https:\/\/aac-europe.org\/wp-content\/uploads\/2023\/03\/Charlotte-Musquar-1-480x480.jpg 480w, https:\/\/aac-europe.org\/wp-content\/uploads\/2023\/03\/Charlotte-Musquar-1.jpg 500w\" sizes=\"(max-width: 180px) 100vw, 180px\" \/><\/p>\r\n<p>[\/vc_column_text][vc_custom_heading text=\u00a0\u00bbCharlotte Musquar\u00a0\u00bb font_container=\u00a0\u00bbtag:h4|text_align:center|color:%23362647&Prime; use_theme_fonts=\u00a0\u00bbyes\u00a0\u00bb][vc_column_text]<\/p>\r\n<p style=\"text-align: center;\">Assistante ex\u00e9cutive<\/p>\r\n<p>[\/vc_column_text][\/vc_column][vc_column width=\u00a0\u00bb1\/4&Prime;][\/vc_column][\/vc_row][vc_row css=\u00a0\u00bb.vc_custom_1678188152009{margin-top: 30px !important;}\u00a0\u00bb][vc_column][vc_column_text]<\/p>\r\n<p>Le secr\u00e9tariat est en charge du travail quotidien du CCA et assiste ses membres dans la poursuite de ses objectifs.<\/p>\r\n<p>Pour toute question ou assistance dont vous pourriez avoir besoin, le secr\u00e9tariat peut \u00eatre contact\u00e9\u00a0<strong>par e-mail (<a href=\"mailto:secretariat@aac-europe.org\">secretariat@aac-europe.org<\/a>)<\/strong>\u00a0ou pendant les heures ouvrables (Bruxelles GMT+ 1\/CET)\u00a0<strong>via le num\u00e9ro de t\u00e9l\u00e9phone suivant: +32 (0) 2720 00 73<\/strong>.<\/p>\r\n<p><!-- \/wp:paragraph -->[\/vc_column_text][\/vc_column][\/vc_row][\/vc_section][vc_row css_animation=\u00a0\u00bbfadeIn\u00a0\u00bb][vc_column][vc_gmaps link=\u00a0\u00bb#E-8_JTNDaWZyYW1lJTIwc3JjJTNEJTIyaHR0cHMlM0ElMkYlMkZ3d3cuZ29vZ2xlLmNvbSUyRm1hcHMlMkZlbWJlZCUzRnBiJTNEJTIxMW0xOCUyMTFtMTIlMjExbTMlMjExZDI1MTkuNDY0MzI2Nzk0NzAyJTIxMmQ0LjM2NzczNDkxNjE2OTM5MTUlMjEzZDUwLjg0MTA4NTM3OTUzMTE5NCUyMTJtMyUyMTFmMCUyMTJmMCUyMTNmMCUyMTNtMiUyMTFpMTAyNCUyMTJpNzY4JTIxNGYxMy4xJTIxM20zJTIxMW0yJTIxMXMweDQ3YzNjNDg0YjQ5ZGYwYzUlMjUzQTB4MTFhYmZlZDkzMzExZDI0OSUyMTJzUnVlJTI1MjBNb250b3llciUyNTIwMzElMjUyQyUyNTIwMTAwMCUyNTIwQnJ1eGVsbGVzJTIxNWUwJTIxM20yJTIxMXNmciUyMTJzYmUlMjE0djE2NzQ2NDMyOTUyMzUlMjE1bTIlMjExc2ZyJTIxMnNiZSUyMiUyMHdpZHRoJTNEJTIyNjAwJTIyJTIwaGVpZ2h0JTNEJTIyNDUwJTIyJTIwc3R5bGUlM0QlMjJib3JkZXIlM0EwJTNCJTIyJTIwYWxsb3dmdWxsc2NyZWVuJTNEJTIyJTIyJTIwbG9hZGluZyUzRCUyMmxhenklMjIlMjByZWZlcnJlcnBvbGljeSUzRCUyMm5vLXJlZmVycmVyLXdoZW4tZG93bmdyYWRlJTIyJTNFJTNDJTJGaWZyYW1lJTNF\u00a0\u00bb size=\u00a0\u00bb\u00a0\u00bb][\/vc_column][\/vc_row]<\/p>","protected":false},"excerpt":{"rendered":"<p>[vc_section][vc_row equal_height=\u00a0\u00bbyes\u00a0\u00bb][vc_column][vc_custom_heading text=\u00a0\u00bbSecr\u00e9tariat du Conseil Consultatif de l&rsquo;Aquaculture\u00a0\u00bb font_container=\u00a0\u00bbtag:h2|text_align:left|color:%23362647&Prime; use_theme_fonts=\u00a0\u00bbyes\u00a0\u00bb css=\u00a0\u00bb.vc_custom_1678802982783{margin-bottom: 30px !important;}\u00a0\u00bb][vc_column_text css=\u00a0\u00bb.vc_custom_1689085773284{margin-right: 30px !important;}\u00a0\u00bb] Les services de secr\u00e9tariat du CCA sont g\u00e9r\u00e9s par\u00a0Ali\u00e9nor dont le bureau est situ\u00e9 [&hellip;]<\/p>\n","protected":false},"author":1,"featured_media":0,"parent":0,"menu_order":0,"comment_status":"closed","ping_status":"closed","template":"","meta":[],"acf":[],"_links":{"self":[{"href":"https:\/\/aac-europe.org\/fr\/wp-json\/wp\/v2\/pages\/12283"}],"collection":[{"href":"https:\/\/aac-europe.org\/fr\/wp-json\/wp\/v2\/pages"}],"about":[{"href":"https:\/\/aac-europe.org\/fr\/wp-json\/wp\/v2\/types\/page"}],"author":[{"embeddable":true,"href":"https:\/\/aac-europe.org\/fr\/wp-json\/wp\/v2\/users\/1"}],"replies":[{"embeddable":true,"href":"https:\/\/aac-europe.org\/fr\/wp-json\/wp\/v2\/comments?post=12283"}],"version-history":[{"count":17,"href":"https:\/\/aac-europe.org\/fr\/wp-json\/wp\/v2\/pages\/12283\/revisions"}],"predecessor-version":[{"id":13607,"href":"https:\/\/aac-europe.org\/fr\/wp-json\/wp\/v2\/pages\/12283\/revisions\/13607"}],"wp:attachment":[{"href":"https:\/\/aac-europe.org\/fr\/wp-json\/wp\/v2\/media?parent=12283"}],"curies":[{"name":"wp","href":"https:\/\/api.w.org\/{rel}","templated":true}]}}