{"id":10910,"date":"2021-12-22T15:00:56","date_gmt":"2021-12-22T15:00:56","guid":{"rendered":"https:\/\/aac-europe.org\/2022\/01\/18\/recommandation-sur-la-mise-en-coherence-des-zonages-utilises-en-relation-avec-la-conchyliculture\/"},"modified":"2024-02-06T16:04:46","modified_gmt":"2024-02-06T16:04:46","slug":"recommandation-sur-la-mise-en-coherence-des-zonages-utilises-en-relation-avec-la-conchyliculture","status":"publish","type":"publication","link":"https:\/\/aac-europe.org\/fr\/publication\/recommandation-sur-la-mise-en-coherence-des-zonages-utilises-en-relation-avec-la-conchyliculture\/","title":{"rendered":"Recommandation du CCA sur la mise en coh\u00e9rence des zonages utilis\u00e9s en relation avec la conchyliculture"},"content":{"rendered":"<p>Le CCA a publi\u00e9 une recommandation \u00e0 la Commission europ\u00e9enne et aux \u00c9tats membres sur la coh\u00e9rence des zones concernant la conchyliculture. La Recommandation analyse les incoh\u00e9rences actuelles et propose un cadre visant \u00e0 une plus grande coh\u00e9rence des diff\u00e9rents zonages.<\/p>\n<p><!--more--><\/p>\n<p>&nbsp;<\/p>\n","protected":false},"featured_media":0,"template":"","categories":[1361],"tags":[3453,3614,3399,3730],"acf":[],"_links":{"self":[{"href":"https:\/\/aac-europe.org\/fr\/wp-json\/wp\/v2\/publication\/10910"}],"collection":[{"href":"https:\/\/aac-europe.org\/fr\/wp-json\/wp\/v2\/publication"}],"about":[{"href":"https:\/\/aac-europe.org\/fr\/wp-json\/wp\/v2\/types\/publication"}],"wp:attachment":[{"href":"https:\/\/aac-europe.org\/fr\/wp-json\/wp\/v2\/media?parent=10910"}],"wp:term":[{"taxonomy":"category","embeddable":true,"href":"https:\/\/aac-europe.org\/fr\/wp-json\/wp\/v2\/categories?post=10910"},{"taxonomy":"post_tag","embeddable":true,"href":"https:\/\/aac-europe.org\/fr\/wp-json\/wp\/v2\/tags?post=10910"}],"curies":[{"name":"wp","href":"https:\/\/api.w.org\/{rel}","templated":true}]}}